
{"id":170453,"date":"2026-04-21T16:53:04","date_gmt":"2026-04-21T14:53:04","guid":{"rendered":"https:\/\/www.greentech.at\/?post_type=gtc_termine&#038;p=170453"},"modified":"2026-04-21T16:55:34","modified_gmt":"2026-04-21T14:55:34","slug":"zukunftsmarkt-indien","status":"publish","type":"gtc_termine","link":"https:\/\/www.greentech.at\/en\/termine\/zukunftsmarkt-indien\/","title":{"rendered":"Zukunftsmarkt Indien"},"content":{"rendered":"\t\t<div data-elementor-type=\"wp-post\" data-elementor-id=\"170453\" class=\"elementor elementor-170453\" data-elementor-post-type=\"gtc_termine\">\n\t\t\t\t\t\t<section class=\"elementor-section elementor-top-section elementor-element elementor-element-94c0029 elementor-section-boxed elementor-section-height-default elementor-section-height-default\" data-id=\"94c0029\" data-element_type=\"section\" data-e-type=\"section\">\n\t\t\t\t\t\t<div class=\"elementor-container elementor-column-gap-default\">\n\t\t\t\t\t<div class=\"elementor-column elementor-col-100 elementor-top-column elementor-element elementor-element-6704b4c\" data-id=\"6704b4c\" data-element_type=\"column\" data-e-type=\"column\">\n\t\t\t<div class=\"elementor-widget-wrap elementor-element-populated\">\n\t\t\t\t\t\t<div class=\"elementor-element elementor-element-66e20f5 elementor-widget elementor-widget-heading\" data-id=\"66e20f5\" data-element_type=\"widget\" data-e-type=\"widget\" data-widget_type=\"heading.default\">\n\t\t\t\t<div class=\"elementor-widget-container\">\n\t\t\t\t\t<h2 class=\"elementor-heading-title elementor-size-default\">7. Mai 2026<br>Check in 10.30 <br>Beginn: 13.00 Uhr<\/h2>\t\t\t\t<\/div>\n\t\t\t\t<\/div>\n\t\t\t\t<div class=\"elementor-element elementor-element-7e949b9 elementor-widget elementor-widget-button\" data-id=\"7e949b9\" data-element_type=\"widget\" data-e-type=\"widget\" data-widget_type=\"button.default\">\n\t\t\t\t<div class=\"elementor-widget-container\">\n\t\t\t\t\t\t\t\t\t<div class=\"elementor-button-wrapper\">\n\t\t\t\t\t<a class=\"elementor-button elementor-button-link elementor-size-sm\" href=\"https:\/\/www.ic-steiermark.at\/veranstaltungen\/zukunftsmarkt-indien\/\" target=\"_blank\">\n\t\t\t\t\t\t<span class=\"elementor-button-content-wrapper\">\n\t\t\t\t\t\t\t\t\t<span class=\"elementor-button-text\">Programm &amp; Anmeldung<\/span>\n\t\t\t\t\t<\/span>\n\t\t\t\t\t<\/a>\n\t\t\t\t<\/div>\n\t\t\t\t\t\t\t\t<\/div>\n\t\t\t\t<\/div>\n\t\t\t\t<div class=\"elementor-element elementor-element-2d86432 elementor-widget elementor-widget-text-editor\" data-id=\"2d86432\" data-element_type=\"widget\" data-e-type=\"widget\" data-widget_type=\"text-editor.default\">\n\t\t\t\t<div class=\"elementor-widget-container\">\n\t\t\t\t\t\t\t\t\t<p><strong>Anmeldefrist bis: 30.04.2026 | Max. 50 Teilnehmer:innen. First Come, First Served.<\/strong><br \/><strong>Veranstaltungssprache: Englisch<\/strong><\/p>\t\t\t\t\t\t\t\t<\/div>\n\t\t\t\t<\/div>\n\t\t\t\t\t<\/div>\n\t\t<\/div>\n\t\t\t\t\t<\/div>\n\t\t<\/section>\n\t\t\t\t<section class=\"elementor-section elementor-top-section elementor-element elementor-element-6a94ba73 elementor-section-boxed elementor-section-height-default elementor-section-height-default\" data-id=\"6a94ba73\" data-element_type=\"section\" data-e-type=\"section\">\n\t\t\t\t\t\t<div class=\"elementor-container elementor-column-gap-default\">\n\t\t\t\t\t<div class=\"elementor-column elementor-col-100 elementor-top-column elementor-element elementor-element-75cb912a\" data-id=\"75cb912a\" data-element_type=\"column\" data-e-type=\"column\">\n\t\t\t<div class=\"elementor-widget-wrap elementor-element-populated\">\n\t\t\t\t\t\t<div class=\"elementor-element elementor-element-926b661 elementor-widget__width-initial elementor-widget-tablet__width-inherit elementor-widget-divider--view-line elementor-widget elementor-widget-divider\" data-id=\"926b661\" data-element_type=\"widget\" data-e-type=\"widget\" data-widget_type=\"divider.default\">\n\t\t\t\t<div class=\"elementor-widget-container\">\n\t\t\t\t\t\t\t<div class=\"elementor-divider\">\n\t\t\t<span class=\"elementor-divider-separator\">\n\t\t\t\t\t\t<\/span>\n\t\t<\/div>\n\t\t\t\t\t\t<\/div>\n\t\t\t\t<\/div>\n\t\t\t\t\t<\/div>\n\t\t<\/div>\n\t\t\t\t\t<\/div>\n\t\t<\/section>\n\t\t\t\t<section class=\"elementor-section elementor-top-section elementor-element elementor-element-9aa9d2e elementor-section-boxed elementor-section-height-default elementor-section-height-default\" data-id=\"9aa9d2e\" data-element_type=\"section\" data-e-type=\"section\">\n\t\t\t\t\t\t<div class=\"elementor-container elementor-column-gap-default\">\n\t\t\t\t\t<div class=\"elementor-column elementor-col-100 elementor-top-column elementor-element elementor-element-71f4dee\" data-id=\"71f4dee\" data-element_type=\"column\" data-e-type=\"column\">\n\t\t\t<div class=\"elementor-widget-wrap elementor-element-populated\">\n\t\t\t\t\t\t<div class=\"elementor-element elementor-element-b2564ad elementor-widget elementor-widget-text-editor\" data-id=\"b2564ad\" data-element_type=\"widget\" data-e-type=\"widget\" data-widget_type=\"text-editor.default\">\n\t\t\t\t<div class=\"elementor-widget-container\">\n\t\t\t\t\t\t\t\t\t<p>Indien z\u00e4hlt zu den dynamischsten Wachstumsm\u00e4rkten weltweit und entwickelt sich f\u00fcr europ\u00e4ische Unternehmen zunehmend zu einem zentralen Partner in Handel, Technologie und Industrie. Besonders die laufenden Verhandlungen \u00fcber ein Freihandelsabkommen (FTA) zwischen der\u00a0<strong>EU und Indien<\/strong>\u00a0er\u00f6ffnen neue Perspektiven f\u00fcr Marktzugang, Investitionen und wirtschaftliche Kooperation.<\/p><p>Die Veranstaltung\u00a0<strong>richtet sich gezielt an Unternehmen, die bereits im indischen Markt t\u00e4tig sind<\/strong>\u00a0und mehr \u00fcber die konkreten Auswirkungen des Freihandelsabkommens erfahren m\u00f6chten,\u00a0<strong>sowie an Unternehmen<\/strong>, die sich \u00fcber\u00a0<strong>Chancen, Rahmenbedingungen und Praxiserfahrungen informieren<\/strong>\u00a0wollen und vor der strategischen Frage stehen, ob die neue Situation durch das Freihandelsabkommen einen<br \/>Gamechanger darstellt.<\/p><p>Impulsvortr\u00e4ge geben Einblicke in das Arbeiten mit Indien, das EU\u2013Indien Freihandelsabkommen sowie in die praktischen Erfahrungen von Unternehmen, die bereits im indischen Markt vertreten sind. Im Anschluss an die Impulsvortr\u00e4ge bietet die Veranstaltung Gelegenheit zum pers\u00f6nlichen Austausch und zur Vernetzung.<\/p><p><strong>Wieso Sie an dieser Veranstaltung teilnehmen sollten:<\/strong><\/p><ul><li><strong>Praxis + Strategie aus erster Hand<\/strong>\u00a0| Die Veranstaltung verbindet strategische Einblicke zum EU\u2013Indien Freihandelsabkommen mit konkreten Praxiserfahrungen von Unternehmen, die bereits in Indien t\u00e4tig sind. Teilnehmende erhalten dadurch<br \/>nicht nur theoretische Informationen, sondern Erfahrungswerte zu Markteintritt und<br \/>Gesch\u00e4ftsentwicklung in Indien.<\/li><li><strong>Exklusive Einblicke in das EU\u2013Indien Freihandelsabkommen<\/strong>\u00a0| Die Teilnehmenden erfahren kompakt, welche konkreten Auswirkungen das Freihandelsabkommen auf Z\u00f6lle, Marktzugang, Lieferketten und Investitionen haben wird und was das speziell f\u00fcr heimische Unternehmen bedeutet.<\/li><li><strong>Hochkar\u00e4tige Kontakte und Networking<\/strong>\u00a0| Durch die Teilnahme hochrangiger Vertreter:innen aus Politik, Wirtschaft und Forschung \u2013 darunter auch der indische Botschafter \u2013 bietet die Veranstaltung eine besondere Gelegenheit, wertvolle Kontakte zu kn\u00fcpfen und neue Kooperationsm\u00f6glichkeiten auszuloten.<\/li><\/ul>\t\t\t\t\t\t\t\t<\/div>\n\t\t\t\t<\/div>\n\t\t\t\t\t<\/div>\n\t\t<\/div>\n\t\t\t\t\t<\/div>\n\t\t<\/section>\n\t\t\t\t<\/div>\n\t\t","protected":false},"excerpt":{"rendered":"<p>Chancen des EU\u2013Indien Freihandels f\u00fcr steirische Unternehmen<\/p>\n","protected":false},"featured_media":0,"template":"","termin_category":[44,158,159,160,161,40,41,42,43],"class_list":["post-170453","gtc_termine","type-gtc_termine","status-publish","hentry","termin_category-more-green-tech","termin_category-geschaeftsfuehrerinnen","termin_category-gruenderinnen","termin_category-fe-leiterinnen","termin_category-marketerinnen","termin_category-green-building","termin_category-green-efficiency","termin_category-green-energy","termin_category-green-resources"],"acf":[],"yoast_head":"<!-- This site is optimized with the Yoast SEO plugin v27.3 - https:\/\/yoast.com\/product\/yoast-seo-wordpress\/ -->\n<title>Zukunftsmarkt Indien<\/title>\n<meta name=\"description\" content=\"Die Veranstaltung des ICS richtet sich an Unternehmen, die am indischen Markt t\u00e4tig sind sowie an Interessierte, die sich \u00fcber Rahmenbedingungen und Praxiserfahrungen informieren m\u00f6chten. 7. Mai 2026, Technopark Raaba.\" \/>\n<meta name=\"robots\" content=\"index, follow, max-snippet:-1, max-image-preview:large, max-video-preview:-1\" \/>\n<link rel=\"canonical\" href=\"https:\/\/www.greentech.at\/termine\/zukunftsmarkt-indien\/\" \/>\n<meta property=\"og:locale\" content=\"en_US\" \/>\n<meta property=\"og:type\" content=\"article\" \/>\n<meta property=\"og:title\" content=\"Zukunftsmarkt Indien\" \/>\n<meta property=\"og:description\" content=\"Die Veranstaltung des ICS richtet sich an Unternehmen, die am indischen Markt t\u00e4tig sind sowie an Interessierte, die sich \u00fcber Rahmenbedingungen und Praxiserfahrungen informieren m\u00f6chten. 7. Mai 2026, Technopark Raaba.\" \/>\n<meta property=\"og:url\" content=\"https:\/\/www.greentech.at\/termine\/zukunftsmarkt-indien\/\" \/>\n<meta property=\"og:site_name\" content=\"Green Tech Valley Cluster\" \/>\n<meta property=\"article:modified_time\" content=\"2026-04-21T14:55:34+00:00\" \/>\n<meta name=\"twitter:card\" content=\"summary_large_image\" \/>\n<meta name=\"twitter:label1\" content=\"Est. reading time\" \/>\n\t<meta name=\"twitter:data1\" content=\"1 minute\" \/>\n<script type=\"application\/ld+json\" class=\"yoast-schema-graph\">{\"@context\":\"https:\\\/\\\/schema.org\",\"@graph\":[{\"@type\":\"WebPage\",\"@id\":\"https:\\\/\\\/www.greentech.at\\\/termine\\\/zukunftsmarkt-indien\\\/\",\"url\":\"https:\\\/\\\/www.greentech.at\\\/termine\\\/zukunftsmarkt-indien\\\/\",\"name\":\"Zukunftsmarkt Indien\",\"isPartOf\":{\"@id\":\"https:\\\/\\\/www.greentech.at\\\/#website\"},\"datePublished\":\"2026-04-21T14:53:04+00:00\",\"dateModified\":\"2026-04-21T14:55:34+00:00\",\"description\":\"Die Veranstaltung des ICS richtet sich an Unternehmen, die am indischen Markt t\u00e4tig sind sowie an Interessierte, die sich \u00fcber Rahmenbedingungen und Praxiserfahrungen informieren m\u00f6chten. 7. Mai 2026, Technopark Raaba.\",\"breadcrumb\":{\"@id\":\"https:\\\/\\\/www.greentech.at\\\/termine\\\/zukunftsmarkt-indien\\\/#breadcrumb\"},\"inLanguage\":\"en-US\",\"potentialAction\":[{\"@type\":\"ReadAction\",\"target\":[\"https:\\\/\\\/www.greentech.at\\\/termine\\\/zukunftsmarkt-indien\\\/\"]}]},{\"@type\":\"BreadcrumbList\",\"@id\":\"https:\\\/\\\/www.greentech.at\\\/termine\\\/zukunftsmarkt-indien\\\/#breadcrumb\",\"itemListElement\":[{\"@type\":\"ListItem\",\"position\":1,\"name\":\"Startseite\",\"item\":\"https:\\\/\\\/www.greentech.at\\\/\"},{\"@type\":\"ListItem\",\"position\":2,\"name\":\"Termine\",\"item\":\"https:\\\/\\\/www.greentech.at\\\/termine\\\/\"},{\"@type\":\"ListItem\",\"position\":3,\"name\":\"Zukunftsmarkt Indien\"}]},{\"@type\":\"WebSite\",\"@id\":\"https:\\\/\\\/www.greentech.at\\\/#website\",\"url\":\"https:\\\/\\\/www.greentech.at\\\/\",\"name\":\"Green Tech Valley Cluster\",\"description\":\"Willkommen im Green Tech Valley, dem globalen Hotspot #1 f\u00fcr Climate und Circular Solutions\",\"publisher\":{\"@id\":\"https:\\\/\\\/www.greentech.at\\\/#organization\"},\"potentialAction\":[{\"@type\":\"SearchAction\",\"target\":{\"@type\":\"EntryPoint\",\"urlTemplate\":\"https:\\\/\\\/www.greentech.at\\\/?s={search_term_string}\"},\"query-input\":{\"@type\":\"PropertyValueSpecification\",\"valueRequired\":true,\"valueName\":\"search_term_string\"}}],\"inLanguage\":\"en-US\"},{\"@type\":\"Organization\",\"@id\":\"https:\\\/\\\/www.greentech.at\\\/#organization\",\"name\":\"Green Tech Valley Cluster\",\"url\":\"https:\\\/\\\/www.greentech.at\\\/\",\"logo\":{\"@type\":\"ImageObject\",\"inLanguage\":\"en-US\",\"@id\":\"https:\\\/\\\/www.greentech.at\\\/#\\\/schema\\\/logo\\\/image\\\/\",\"url\":\"https:\\\/\\\/www.greentech.at\\\/wp-content\\\/uploads\\\/2021\\\/04\\\/cropped-GTV_Log-scaled.png\",\"contentUrl\":\"https:\\\/\\\/www.greentech.at\\\/wp-content\\\/uploads\\\/2021\\\/04\\\/cropped-GTV_Log-scaled.png\",\"width\":2560,\"height\":1734,\"caption\":\"Green Tech Valley Cluster\"},\"image\":{\"@id\":\"https:\\\/\\\/www.greentech.at\\\/#\\\/schema\\\/logo\\\/image\\\/\"},\"sameAs\":[\"https:\\\/\\\/www.linkedin.com\\\/company\\\/greentechcluster\"]}]}<\/script>\n<!-- \/ Yoast SEO plugin. -->","yoast_head_json":{"title":"Zukunftsmarkt Indien","description":"Die Veranstaltung des ICS richtet sich an Unternehmen, die am indischen Markt t\u00e4tig sind sowie an Interessierte, die sich \u00fcber Rahmenbedingungen und Praxiserfahrungen informieren m\u00f6chten. 7. Mai 2026, Technopark Raaba.","robots":{"index":"index","follow":"follow","max-snippet":"max-snippet:-1","max-image-preview":"max-image-preview:large","max-video-preview":"max-video-preview:-1"},"canonical":"https:\/\/www.greentech.at\/termine\/zukunftsmarkt-indien\/","og_locale":"en_US","og_type":"article","og_title":"Zukunftsmarkt Indien","og_description":"Die Veranstaltung des ICS richtet sich an Unternehmen, die am indischen Markt t\u00e4tig sind sowie an Interessierte, die sich \u00fcber Rahmenbedingungen und Praxiserfahrungen informieren m\u00f6chten. 7. Mai 2026, Technopark Raaba.","og_url":"https:\/\/www.greentech.at\/termine\/zukunftsmarkt-indien\/","og_site_name":"Green Tech Valley Cluster","article_modified_time":"2026-04-21T14:55:34+00:00","twitter_card":"summary_large_image","twitter_misc":{"Est. reading time":"1 minute"},"schema":{"@context":"https:\/\/schema.org","@graph":[{"@type":"WebPage","@id":"https:\/\/www.greentech.at\/termine\/zukunftsmarkt-indien\/","url":"https:\/\/www.greentech.at\/termine\/zukunftsmarkt-indien\/","name":"Zukunftsmarkt Indien","isPartOf":{"@id":"https:\/\/www.greentech.at\/#website"},"datePublished":"2026-04-21T14:53:04+00:00","dateModified":"2026-04-21T14:55:34+00:00","description":"Die Veranstaltung des ICS richtet sich an Unternehmen, die am indischen Markt t\u00e4tig sind sowie an Interessierte, die sich \u00fcber Rahmenbedingungen und Praxiserfahrungen informieren m\u00f6chten. 7. Mai 2026, Technopark Raaba.","breadcrumb":{"@id":"https:\/\/www.greentech.at\/termine\/zukunftsmarkt-indien\/#breadcrumb"},"inLanguage":"en-US","potentialAction":[{"@type":"ReadAction","target":["https:\/\/www.greentech.at\/termine\/zukunftsmarkt-indien\/"]}]},{"@type":"BreadcrumbList","@id":"https:\/\/www.greentech.at\/termine\/zukunftsmarkt-indien\/#breadcrumb","itemListElement":[{"@type":"ListItem","position":1,"name":"Startseite","item":"https:\/\/www.greentech.at\/"},{"@type":"ListItem","position":2,"name":"Termine","item":"https:\/\/www.greentech.at\/termine\/"},{"@type":"ListItem","position":3,"name":"Zukunftsmarkt Indien"}]},{"@type":"WebSite","@id":"https:\/\/www.greentech.at\/#website","url":"https:\/\/www.greentech.at\/","name":"Green Tech Valley Cluster","description":"Willkommen im Green Tech Valley, dem globalen Hotspot #1 f\u00fcr Climate und Circular Solutions","publisher":{"@id":"https:\/\/www.greentech.at\/#organization"},"potentialAction":[{"@type":"SearchAction","target":{"@type":"EntryPoint","urlTemplate":"https:\/\/www.greentech.at\/?s={search_term_string}"},"query-input":{"@type":"PropertyValueSpecification","valueRequired":true,"valueName":"search_term_string"}}],"inLanguage":"en-US"},{"@type":"Organization","@id":"https:\/\/www.greentech.at\/#organization","name":"Green Tech Valley Cluster","url":"https:\/\/www.greentech.at\/","logo":{"@type":"ImageObject","inLanguage":"en-US","@id":"https:\/\/www.greentech.at\/#\/schema\/logo\/image\/","url":"https:\/\/www.greentech.at\/wp-content\/uploads\/2021\/04\/cropped-GTV_Log-scaled.png","contentUrl":"https:\/\/www.greentech.at\/wp-content\/uploads\/2021\/04\/cropped-GTV_Log-scaled.png","width":2560,"height":1734,"caption":"Green Tech Valley Cluster"},"image":{"@id":"https:\/\/www.greentech.at\/#\/schema\/logo\/image\/"},"sameAs":["https:\/\/www.linkedin.com\/company\/greentechcluster"]}]}},"_links":{"self":[{"href":"https:\/\/www.greentech.at\/en\/wp-json\/wp\/v2\/gtc_termine\/170453","targetHints":{"allow":["GET"]}}],"collection":[{"href":"https:\/\/www.greentech.at\/en\/wp-json\/wp\/v2\/gtc_termine"}],"about":[{"href":"https:\/\/www.greentech.at\/en\/wp-json\/wp\/v2\/types\/gtc_termine"}],"version-history":[{"count":5,"href":"https:\/\/www.greentech.at\/en\/wp-json\/wp\/v2\/gtc_termine\/170453\/revisions"}],"predecessor-version":[{"id":170460,"href":"https:\/\/www.greentech.at\/en\/wp-json\/wp\/v2\/gtc_termine\/170453\/revisions\/170460"}],"wp:attachment":[{"href":"https:\/\/www.greentech.at\/en\/wp-json\/wp\/v2\/media?parent=170453"}],"wp:term":[{"taxonomy":"termin_category","embeddable":true,"href":"https:\/\/www.greentech.at\/en\/wp-json\/wp\/v2\/termin_category?post=170453"}],"curies":[{"name":"wp","href":"https:\/\/api.w.org\/{rel}","templated":true}]}}