
{"id":168572,"date":"2026-03-27T13:57:49","date_gmt":"2026-03-27T12:57:49","guid":{"rendered":"https:\/\/www.greentech.at\/?post_type=gtc_termine&#038;p=168572"},"modified":"2026-03-27T14:04:44","modified_gmt":"2026-03-27T13:04:44","slug":"tecfair-2026","status":"publish","type":"gtc_termine","link":"https:\/\/www.greentech.at\/en\/termine\/tecfair-2026\/","title":{"rendered":"TecFair 2026"},"content":{"rendered":"\t\t<div data-elementor-type=\"wp-post\" data-elementor-id=\"168572\" class=\"elementor elementor-168572\" data-elementor-post-type=\"gtc_termine\">\n\t\t\t\t\t\t<section class=\"elementor-section elementor-top-section elementor-element elementor-element-f6e7a9c elementor-section-boxed elementor-section-height-default elementor-section-height-default\" data-id=\"f6e7a9c\" data-element_type=\"section\" data-e-type=\"section\">\n\t\t\t\t\t\t<div class=\"elementor-container elementor-column-gap-default\">\n\t\t\t\t\t<div class=\"elementor-column elementor-col-100 elementor-top-column elementor-element elementor-element-52471b4\" data-id=\"52471b4\" data-element_type=\"column\" data-e-type=\"column\">\n\t\t\t<div class=\"elementor-widget-wrap elementor-element-populated\">\n\t\t\t\t<div class=\"elementor-element elementor-element-d503083 e-flex e-con-boxed e-con e-parent\" data-id=\"d503083\" data-element_type=\"container\" data-e-type=\"container\">\n\t\t\t\t\t<div class=\"e-con-inner\">\n\t\t\t\t<div class=\"elementor-element elementor-element-ad73196 elementor-widget elementor-widget-heading\" data-id=\"ad73196\" data-element_type=\"widget\" data-e-type=\"widget\" data-widget_type=\"heading.default\">\n\t\t\t\t<div class=\"elementor-widget-container\">\n\t\t\t\t\t<h2 class=\"elementor-heading-title elementor-size-default\">29. April 2026<br>9:30 bis 17:00 Uhr<br>Montanuniversit\u00e4t Leoben <br>(Registrierung offen bis 24. April)<\/h2>\t\t\t\t<\/div>\n\t\t\t\t<\/div>\n\t\t\t\t\t<\/div>\n\t\t\t\t<\/div>\n\t\t\t\t\t<\/div>\n\t\t<\/div>\n\t\t\t\t\t<\/div>\n\t\t<\/section>\n\t\t\t\t<section class=\"elementor-section elementor-top-section elementor-element elementor-element-fb97828 elementor-section-boxed elementor-section-height-default elementor-section-height-default\" data-id=\"fb97828\" data-element_type=\"section\" data-e-type=\"section\">\n\t\t\t\t\t\t<div class=\"elementor-container elementor-column-gap-default\">\n\t\t\t\t\t<div class=\"elementor-column elementor-col-100 elementor-top-column elementor-element elementor-element-bdd53eb\" data-id=\"bdd53eb\" data-element_type=\"column\" data-e-type=\"column\">\n\t\t\t<div class=\"elementor-widget-wrap elementor-element-populated\">\n\t\t\t\t\t\t<div class=\"elementor-element elementor-element-ef2bd5b elementor-widget elementor-widget-button\" data-id=\"ef2bd5b\" data-element_type=\"widget\" data-e-type=\"widget\" data-widget_type=\"button.default\">\n\t\t\t\t<div class=\"elementor-widget-container\">\n\t\t\t\t\t\t\t\t\t<div class=\"elementor-button-wrapper\">\n\t\t\t\t\t<a class=\"elementor-button elementor-button-link elementor-size-sm\" href=\"https:\/\/www.b2match.com\/e\/tecfair-2026\">\n\t\t\t\t\t\t<span class=\"elementor-button-content-wrapper\">\n\t\t\t\t\t\t\t\t\t<span class=\"elementor-button-text\">Informationen &amp; Anmeldung <\/span>\n\t\t\t\t\t<\/span>\n\t\t\t\t\t<\/a>\n\t\t\t\t<\/div>\n\t\t\t\t\t\t\t\t<\/div>\n\t\t\t\t<\/div>\n\t\t\t\t<div class=\"elementor-element elementor-element-3631a4b elementor-widget-divider--view-line elementor-widget elementor-widget-divider\" data-id=\"3631a4b\" data-element_type=\"widget\" data-e-type=\"widget\" data-widget_type=\"divider.default\">\n\t\t\t\t<div class=\"elementor-widget-container\">\n\t\t\t\t\t\t\t<div class=\"elementor-divider\">\n\t\t\t<span class=\"elementor-divider-separator\">\n\t\t\t\t\t\t<\/span>\n\t\t<\/div>\n\t\t\t\t\t\t<\/div>\n\t\t\t\t<\/div>\n\t\t\t\t\t<\/div>\n\t\t<\/div>\n\t\t\t\t\t<\/div>\n\t\t<\/section>\n\t\t<div class=\"elementor-element elementor-element-acf0869 e-flex e-con-boxed e-con e-parent\" data-id=\"acf0869\" data-element_type=\"container\" data-e-type=\"container\">\n\t\t\t\t\t<div class=\"e-con-inner\">\n\t\t\t\t<div class=\"elementor-element elementor-element-bcac736 elementor-widget elementor-widget-text-editor\" data-id=\"bcac736\" data-element_type=\"widget\" data-e-type=\"widget\" data-widget_type=\"text-editor.default\">\n\t\t\t\t<div class=\"elementor-widget-container\">\n\t\t\t\t\t\t\t\t\t<div>\n<div>\n<div>\n<div>\n<h2>Die&nbsp;<strong>TecFair 2026<\/strong>&nbsp;bring f\u00fchrende Unternehmen, F&amp;E-Expert:innen und angewandte Spitzenforschung an einem Tag zusammen.&nbsp;<\/h2>\n<p><b>Thema<\/b><\/p>\n<ul>\n<li>Kooperation im Bereich des Circular Engineerings, um gemeinsam technische L\u00f6sungen zu entwickeln, Innovationen voranzutreiben und nachhaltigen Fortschritt zu gestalten.<\/li>\n<\/ul>\n<div>&nbsp;<\/div>\n<p><b>Ziel:<\/b><\/p>\n<ul>\n<li>\n<p>neue Unternehmenskooperationen anzusto\u00dfen bzw. bestehende Unternehmenskooperationen zu st\u00e4rken,<\/p>\n<\/li>\n<li>\n<p>konkrete Forschungs- und Entwicklungsprojekte zu initiieren und<\/p>\n<\/li>\n<li>\n<p>den Mehrwert einer Zusammenarbeit mit der Montanuniversit\u00e4t Leoben klar erlebbar zu machen \u2013 praxisnah und dialogorientiert.<\/p>\n<\/li>\n<\/ul>\n<p><span style=\"background-color: transparent;\">&nbsp;<\/span><\/p>\n<p><span style=\"color: inherit; font-family: 'Museo Slab', sans-serif; font-size: 32px;\">Was k\u00f6nnen Unternehmenspartner erwarten?<\/span><\/p>\n<\/div>\n<\/div>\n<\/div>\n<\/div>\n<div>\n<div>\n<p><span style=\"background-color: transparent;\">Unternehmensvertreter gewinnen wertvolle Impulse durch die enge Zusammenarbeit mit relevanten Forschungspartnern und ma\u00dfgeschneiderter Expertise entlang des gesamten Wertsch\u00f6pfungskreislaufes \u2013 von der Idee bis zur Umsetzung. Best-Practice-Beispiele erfolgreicher Kooperationen, eine gemeinsame Leistungsschau der Montanuniversit\u00e4t Leoben und Industriepartnern sowie gezielte Matchmaking-Formate schaffen ideale Voraussetzungen, um Innovationspotenziale zu identifizieren, Entwicklungsrisiken zu reduzieren und die eigene Wettbewerbsf\u00e4higkeit nachhaltig zu st\u00e4rken.<\/span><\/p>\n<p>Diese spezielle Veranstaltung richtet sich gezielt an Unternehmen, die Forschung als strategischen Hebel f\u00fcr Wachstum, Resilienz und Zukunftsf\u00e4higkeit verstehen. Nutzen Sie die vielf\u00e4ltigen M\u00f6glichkeiten unseres Kooperationsbereichs.<\/p>\n<\/div>\n<\/div>\t\t\t\t\t\t\t\t<\/div>\n\t\t\t\t<\/div>\n\t\t\t\t\t<\/div>\n\t\t\t\t<\/div>\n\t\t\t\t<\/div>\n\t\t","protected":false},"excerpt":{"rendered":"<p>Fokus: Circular Engineering<\/p>\n","protected":false},"featured_media":0,"template":"","termin_category":[44,158,159,160,161,40,41,42,43],"class_list":["post-168572","gtc_termine","type-gtc_termine","status-publish","hentry","termin_category-more-green-tech","termin_category-geschaeftsfuehrerinnen","termin_category-gruenderinnen","termin_category-fe-leiterinnen","termin_category-marketerinnen","termin_category-green-building","termin_category-green-efficiency","termin_category-green-energy","termin_category-green-resources"],"acf":[],"yoast_head":"<!-- This site is optimized with the Yoast SEO plugin v27.3 - https:\/\/yoast.com\/product\/yoast-seo-wordpress\/ -->\n<title>TecFair 2026<\/title>\n<meta name=\"description\" content=\"Die TecFair 2026 bringt am 29.4.2026 an der Montanuniversit\u00e4t Leoben f\u00fchrende Unternehmen, F&amp;E-Expert:innen und Spitzenforschung zusammen.\" \/>\n<meta name=\"robots\" content=\"index, follow, max-snippet:-1, max-image-preview:large, max-video-preview:-1\" \/>\n<link rel=\"canonical\" href=\"https:\/\/www.greentech.at\/termine\/tecfair-2026\/\" \/>\n<meta property=\"og:locale\" content=\"en_US\" \/>\n<meta property=\"og:type\" content=\"article\" \/>\n<meta property=\"og:title\" content=\"TecFair 2026\" \/>\n<meta property=\"og:description\" content=\"Die TecFair 2026 bringt am 29.4.2026 an der Montanuniversit\u00e4t Leoben f\u00fchrende Unternehmen, F&amp;E-Expert:innen und Spitzenforschung zusammen.\" \/>\n<meta property=\"og:url\" content=\"https:\/\/www.greentech.at\/termine\/tecfair-2026\/\" \/>\n<meta property=\"og:site_name\" content=\"Green Tech Valley Cluster\" \/>\n<meta property=\"article:modified_time\" content=\"2026-03-27T13:04:44+00:00\" \/>\n<meta name=\"twitter:card\" content=\"summary_large_image\" \/>\n<meta name=\"twitter:label1\" content=\"Est. reading time\" \/>\n\t<meta name=\"twitter:data1\" content=\"1 minute\" \/>\n<script type=\"application\/ld+json\" class=\"yoast-schema-graph\">{\"@context\":\"https:\\\/\\\/schema.org\",\"@graph\":[{\"@type\":\"WebPage\",\"@id\":\"https:\\\/\\\/www.greentech.at\\\/termine\\\/tecfair-2026\\\/\",\"url\":\"https:\\\/\\\/www.greentech.at\\\/termine\\\/tecfair-2026\\\/\",\"name\":\"TecFair 2026\",\"isPartOf\":{\"@id\":\"https:\\\/\\\/www.greentech.at\\\/#website\"},\"datePublished\":\"2026-03-27T12:57:49+00:00\",\"dateModified\":\"2026-03-27T13:04:44+00:00\",\"description\":\"Die TecFair 2026 bringt am 29.4.2026 an der Montanuniversit\u00e4t Leoben f\u00fchrende Unternehmen, F&E-Expert:innen und Spitzenforschung zusammen.\",\"breadcrumb\":{\"@id\":\"https:\\\/\\\/www.greentech.at\\\/termine\\\/tecfair-2026\\\/#breadcrumb\"},\"inLanguage\":\"en-US\",\"potentialAction\":[{\"@type\":\"ReadAction\",\"target\":[\"https:\\\/\\\/www.greentech.at\\\/termine\\\/tecfair-2026\\\/\"]}]},{\"@type\":\"BreadcrumbList\",\"@id\":\"https:\\\/\\\/www.greentech.at\\\/termine\\\/tecfair-2026\\\/#breadcrumb\",\"itemListElement\":[{\"@type\":\"ListItem\",\"position\":1,\"name\":\"Startseite\",\"item\":\"https:\\\/\\\/www.greentech.at\\\/\"},{\"@type\":\"ListItem\",\"position\":2,\"name\":\"Termine\",\"item\":\"https:\\\/\\\/www.greentech.at\\\/termine\\\/\"},{\"@type\":\"ListItem\",\"position\":3,\"name\":\"TecFair 2026\"}]},{\"@type\":\"WebSite\",\"@id\":\"https:\\\/\\\/www.greentech.at\\\/#website\",\"url\":\"https:\\\/\\\/www.greentech.at\\\/\",\"name\":\"Green Tech Valley Cluster\",\"description\":\"Willkommen im Green Tech Valley, dem globalen Hotspot #1 f\u00fcr Climate und Circular Solutions\",\"publisher\":{\"@id\":\"https:\\\/\\\/www.greentech.at\\\/#organization\"},\"potentialAction\":[{\"@type\":\"SearchAction\",\"target\":{\"@type\":\"EntryPoint\",\"urlTemplate\":\"https:\\\/\\\/www.greentech.at\\\/?s={search_term_string}\"},\"query-input\":{\"@type\":\"PropertyValueSpecification\",\"valueRequired\":true,\"valueName\":\"search_term_string\"}}],\"inLanguage\":\"en-US\"},{\"@type\":\"Organization\",\"@id\":\"https:\\\/\\\/www.greentech.at\\\/#organization\",\"name\":\"Green Tech Valley Cluster\",\"url\":\"https:\\\/\\\/www.greentech.at\\\/\",\"logo\":{\"@type\":\"ImageObject\",\"inLanguage\":\"en-US\",\"@id\":\"https:\\\/\\\/www.greentech.at\\\/#\\\/schema\\\/logo\\\/image\\\/\",\"url\":\"https:\\\/\\\/www.greentech.at\\\/wp-content\\\/uploads\\\/2021\\\/04\\\/cropped-GTV_Log-scaled.png\",\"contentUrl\":\"https:\\\/\\\/www.greentech.at\\\/wp-content\\\/uploads\\\/2021\\\/04\\\/cropped-GTV_Log-scaled.png\",\"width\":2560,\"height\":1734,\"caption\":\"Green Tech Valley Cluster\"},\"image\":{\"@id\":\"https:\\\/\\\/www.greentech.at\\\/#\\\/schema\\\/logo\\\/image\\\/\"},\"sameAs\":[\"https:\\\/\\\/www.linkedin.com\\\/company\\\/greentechcluster\"]}]}<\/script>\n<!-- \/ Yoast SEO plugin. -->","yoast_head_json":{"title":"TecFair 2026","description":"Die TecFair 2026 bringt am 29.4.2026 an der Montanuniversit\u00e4t Leoben f\u00fchrende Unternehmen, F&E-Expert:innen und Spitzenforschung zusammen.","robots":{"index":"index","follow":"follow","max-snippet":"max-snippet:-1","max-image-preview":"max-image-preview:large","max-video-preview":"max-video-preview:-1"},"canonical":"https:\/\/www.greentech.at\/termine\/tecfair-2026\/","og_locale":"en_US","og_type":"article","og_title":"TecFair 2026","og_description":"Die TecFair 2026 bringt am 29.4.2026 an der Montanuniversit\u00e4t Leoben f\u00fchrende Unternehmen, F&E-Expert:innen und Spitzenforschung zusammen.","og_url":"https:\/\/www.greentech.at\/termine\/tecfair-2026\/","og_site_name":"Green Tech Valley Cluster","article_modified_time":"2026-03-27T13:04:44+00:00","twitter_card":"summary_large_image","twitter_misc":{"Est. reading time":"1 minute"},"schema":{"@context":"https:\/\/schema.org","@graph":[{"@type":"WebPage","@id":"https:\/\/www.greentech.at\/termine\/tecfair-2026\/","url":"https:\/\/www.greentech.at\/termine\/tecfair-2026\/","name":"TecFair 2026","isPartOf":{"@id":"https:\/\/www.greentech.at\/#website"},"datePublished":"2026-03-27T12:57:49+00:00","dateModified":"2026-03-27T13:04:44+00:00","description":"Die TecFair 2026 bringt am 29.4.2026 an der Montanuniversit\u00e4t Leoben f\u00fchrende Unternehmen, F&E-Expert:innen und Spitzenforschung zusammen.","breadcrumb":{"@id":"https:\/\/www.greentech.at\/termine\/tecfair-2026\/#breadcrumb"},"inLanguage":"en-US","potentialAction":[{"@type":"ReadAction","target":["https:\/\/www.greentech.at\/termine\/tecfair-2026\/"]}]},{"@type":"BreadcrumbList","@id":"https:\/\/www.greentech.at\/termine\/tecfair-2026\/#breadcrumb","itemListElement":[{"@type":"ListItem","position":1,"name":"Startseite","item":"https:\/\/www.greentech.at\/"},{"@type":"ListItem","position":2,"name":"Termine","item":"https:\/\/www.greentech.at\/termine\/"},{"@type":"ListItem","position":3,"name":"TecFair 2026"}]},{"@type":"WebSite","@id":"https:\/\/www.greentech.at\/#website","url":"https:\/\/www.greentech.at\/","name":"Green Tech Valley Cluster","description":"Willkommen im Green Tech Valley, dem globalen Hotspot #1 f\u00fcr Climate und Circular Solutions","publisher":{"@id":"https:\/\/www.greentech.at\/#organization"},"potentialAction":[{"@type":"SearchAction","target":{"@type":"EntryPoint","urlTemplate":"https:\/\/www.greentech.at\/?s={search_term_string}"},"query-input":{"@type":"PropertyValueSpecification","valueRequired":true,"valueName":"search_term_string"}}],"inLanguage":"en-US"},{"@type":"Organization","@id":"https:\/\/www.greentech.at\/#organization","name":"Green Tech Valley Cluster","url":"https:\/\/www.greentech.at\/","logo":{"@type":"ImageObject","inLanguage":"en-US","@id":"https:\/\/www.greentech.at\/#\/schema\/logo\/image\/","url":"https:\/\/www.greentech.at\/wp-content\/uploads\/2021\/04\/cropped-GTV_Log-scaled.png","contentUrl":"https:\/\/www.greentech.at\/wp-content\/uploads\/2021\/04\/cropped-GTV_Log-scaled.png","width":2560,"height":1734,"caption":"Green Tech Valley Cluster"},"image":{"@id":"https:\/\/www.greentech.at\/#\/schema\/logo\/image\/"},"sameAs":["https:\/\/www.linkedin.com\/company\/greentechcluster"]}]}},"_links":{"self":[{"href":"https:\/\/www.greentech.at\/en\/wp-json\/wp\/v2\/gtc_termine\/168572","targetHints":{"allow":["GET"]}}],"collection":[{"href":"https:\/\/www.greentech.at\/en\/wp-json\/wp\/v2\/gtc_termine"}],"about":[{"href":"https:\/\/www.greentech.at\/en\/wp-json\/wp\/v2\/types\/gtc_termine"}],"version-history":[{"count":5,"href":"https:\/\/www.greentech.at\/en\/wp-json\/wp\/v2\/gtc_termine\/168572\/revisions"}],"predecessor-version":[{"id":168580,"href":"https:\/\/www.greentech.at\/en\/wp-json\/wp\/v2\/gtc_termine\/168572\/revisions\/168580"}],"wp:attachment":[{"href":"https:\/\/www.greentech.at\/en\/wp-json\/wp\/v2\/media?parent=168572"}],"wp:term":[{"taxonomy":"termin_category","embeddable":true,"href":"https:\/\/www.greentech.at\/en\/wp-json\/wp\/v2\/termin_category?post=168572"}],"curies":[{"name":"wp","href":"https:\/\/api.w.org\/{rel}","templated":true}]}}