
{"id":168526,"date":"2026-03-27T10:36:17","date_gmt":"2026-03-27T09:36:17","guid":{"rendered":"https:\/\/www.greentech.at\/?post_type=gtc_termine&#038;p=168526"},"modified":"2026-03-27T10:39:29","modified_gmt":"2026-03-27T09:39:29","slug":"langer-tag-der-energie","status":"publish","type":"gtc_termine","link":"https:\/\/www.greentech.at\/en\/termine\/langer-tag-der-energie\/","title":{"rendered":"Langer Tag der Energie"},"content":{"rendered":"\t\t<div data-elementor-type=\"wp-post\" data-elementor-id=\"168526\" class=\"elementor elementor-168526\" data-elementor-post-type=\"gtc_termine\">\n\t\t\t\t\t\t<section class=\"elementor-section elementor-top-section elementor-element elementor-element-f6e7a9c elementor-section-boxed elementor-section-height-default elementor-section-height-default\" data-id=\"f6e7a9c\" data-element_type=\"section\" data-e-type=\"section\">\n\t\t\t\t\t\t<div class=\"elementor-container elementor-column-gap-default\">\n\t\t\t\t\t<div class=\"elementor-column elementor-col-100 elementor-top-column elementor-element elementor-element-52471b4\" data-id=\"52471b4\" data-element_type=\"column\" data-e-type=\"column\">\n\t\t\t<div class=\"elementor-widget-wrap elementor-element-populated\">\n\t\t\t\t<div class=\"elementor-element elementor-element-d503083 e-flex e-con-boxed e-con e-parent\" data-id=\"d503083\" data-element_type=\"container\" data-e-type=\"container\">\n\t\t\t\t\t<div class=\"e-con-inner\">\n\t\t\t\t<div class=\"elementor-element elementor-element-ad73196 elementor-widget elementor-widget-heading\" data-id=\"ad73196\" data-element_type=\"widget\" data-e-type=\"widget\" data-widget_type=\"heading.default\">\n\t\t\t\t<div class=\"elementor-widget-container\">\n\t\t\t\t\t<h2 class=\"elementor-heading-title elementor-size-default\">20. Juni 2026<br>steiermarkweit <br><\/h2>\t\t\t\t<\/div>\n\t\t\t\t<\/div>\n\t\t\t\t\t<\/div>\n\t\t\t\t<\/div>\n\t\t\t\t\t<\/div>\n\t\t<\/div>\n\t\t\t\t\t<\/div>\n\t\t<\/section>\n\t\t\t\t<section class=\"elementor-section elementor-top-section elementor-element elementor-element-fb97828 elementor-section-boxed elementor-section-height-default elementor-section-height-default\" data-id=\"fb97828\" data-element_type=\"section\" data-e-type=\"section\">\n\t\t\t\t\t\t<div class=\"elementor-container elementor-column-gap-default\">\n\t\t\t\t\t<div class=\"elementor-column elementor-col-100 elementor-top-column elementor-element elementor-element-bdd53eb\" data-id=\"bdd53eb\" data-element_type=\"column\" data-e-type=\"column\">\n\t\t\t<div class=\"elementor-widget-wrap elementor-element-populated\">\n\t\t\t\t\t\t<div class=\"elementor-element elementor-element-ef2bd5b elementor-widget elementor-widget-button\" data-id=\"ef2bd5b\" data-element_type=\"widget\" data-e-type=\"widget\" data-widget_type=\"button.default\">\n\t\t\t\t<div class=\"elementor-widget-container\">\n\t\t\t\t\t\t\t\t\t<div class=\"elementor-button-wrapper\">\n\t\t\t\t\t<a class=\"elementor-button elementor-button-link elementor-size-sm\" href=\"https:\/\/www.langertagderenergie.at\/\">\n\t\t\t\t\t\t<span class=\"elementor-button-content-wrapper\">\n\t\t\t\t\t\t\t\t\t<span class=\"elementor-button-text\">Informationen &amp; Anmeldung zur Teilnahme als Energieunternehmen\/Energieinitiative<\/span>\n\t\t\t\t\t<\/span>\n\t\t\t\t\t<\/a>\n\t\t\t\t<\/div>\n\t\t\t\t\t\t\t\t<\/div>\n\t\t\t\t<\/div>\n\t\t\t\t<div class=\"elementor-element elementor-element-6e174f6 elementor-widget elementor-widget-text-editor\" data-id=\"6e174f6\" data-element_type=\"widget\" data-e-type=\"widget\" data-widget_type=\"text-editor.default\">\n\t\t\t\t<div class=\"elementor-widget-container\">\n\t\t\t\t\t\t\t\t\t<p><a href=\"https:\/\/www.greentech.at\/wp-content\/uploads\/2026\/03\/Infoblatt-Langer-Tag-der-Energie-2026.pdf\">Infoblatt zum Langen Tag der Energie<\/a><\/p>\t\t\t\t\t\t\t\t<\/div>\n\t\t\t\t<\/div>\n\t\t\t\t<div class=\"elementor-element elementor-element-3631a4b elementor-widget-divider--view-line elementor-widget elementor-widget-divider\" data-id=\"3631a4b\" data-element_type=\"widget\" data-e-type=\"widget\" data-widget_type=\"divider.default\">\n\t\t\t\t<div class=\"elementor-widget-container\">\n\t\t\t\t\t\t\t<div class=\"elementor-divider\">\n\t\t\t<span class=\"elementor-divider-separator\">\n\t\t\t\t\t\t<\/span>\n\t\t<\/div>\n\t\t\t\t\t\t<\/div>\n\t\t\t\t<\/div>\n\t\t\t\t\t<\/div>\n\t\t<\/div>\n\t\t\t\t\t<\/div>\n\t\t<\/section>\n\t\t<div class=\"elementor-element elementor-element-acf0869 e-flex e-con-boxed e-con e-parent\" data-id=\"acf0869\" data-element_type=\"container\" data-e-type=\"container\">\n\t\t\t\t\t<div class=\"e-con-inner\">\n\t\t\t\t<div class=\"elementor-element elementor-element-8a2e515 elementor-widget elementor-widget-text-editor\" data-id=\"8a2e515\" data-element_type=\"widget\" data-e-type=\"widget\" data-widget_type=\"text-editor.default\">\n\t\t\t\t<div class=\"elementor-widget-container\">\n\t\t\t\t\t\t\t\t\t<h2>Der Lange Tag der Energie geht in die vierte Runde!<\/h2><p>Nach den Jahren 2023, 2024 und 2025, in denen am Langen Tag der Energie jeweils mehr als 100\u00a0Energieschaupl\u00e4tze steiermarkweit T\u00fcr und Tor f\u00fcr die interessierte Bev\u00f6lkerung \u00f6ffneten, wird der Lange\u00a0Tag der Energie auch 2026 wieder stattfinden! Nutze die Gelegenheit und werde Teil dieses\u00a0besonderen Tages.<\/p><p><span lang=\"de-AT\" data-olk-copy-source=\"MessageBody\">Am\u00a0<b>Samstag, dem 20. Juni 2026<\/b>, findet steiermarkweit der\u00a0<b>Lange Tag der Energie<\/b>\u00a0bereits zum\u00a0<b>vierten Mal\u00a0<\/b>statt. Mit dieser Veranstaltung des Landes Steiermark wird sichtbar und erlebbar gemacht, wie viele innovative Projekte, Initiativen und Betriebe die Steiermark im Bereich Energie bereits zu bieten hat. Heuer steht der Lange Tag der Energie zus\u00e4tzlich unter dem\u00a0<b>Schwerpunkt \u201eGreen Jobs\u201c,<\/b>\u00a0um insbesondere auch jungen Menschen Einblicke in zukunftsf\u00e4hige Berufsfelder rund um Energie, Klima und Nachhaltigkeit zu erm\u00f6glichen und konkrete Berufs- und Ausbildungswege sichtbar zu machen.<\/span><\/p><p><span lang=\"de-AT\">\u00a0<\/span><span lang=\"de-AT\">Auf der\u00a0<b>Infoplattform<\/b>\u00a0<b>Energieschaupl\u00e4tze<\/b>\u00a0unter\u00a0<\/span><span lang=\"de-AT\"><a title=\"http:\/\/www.energieschauplaetze.at\" href=\"http:\/\/www.energieschauplaetze.at\/\" data-auth=\"NotApplicable\" data-linkindex=\"2\"><b>www.energieschauplaetze.at<\/b><\/a><\/span><span lang=\"de-AT\">\u00a0pr\u00e4sentieren sich schon jetzt zahlreiche\u00a0<i>Good-Practice-Beispiele<\/i>. Eine Auswahl dieser sowie weitere neu hinzukommende Schaupl\u00e4tze werden am\u00a0<b>Langen Tag der Energie<\/b>\u00a0ihre T\u00fcren f\u00fcr die interessierte Bev\u00f6lkerung \u00f6ffnen.<\/span><\/p><p><span lang=\"de-AT\">\u00a0<\/span><\/p><p><span lang=\"de-AT\">Zu diesem Zweck steht die Veranstaltungswebsite\u00a0<\/span><span lang=\"de-AT\"><a title=\"http:\/\/www.langertagderenergie.at\" href=\"http:\/\/www.langertagderenergie.at\/\" data-auth=\"NotApplicable\" data-linkindex=\"3\"><b>www.langertagderenergie.at<\/b><\/a><\/span><span lang=\"de-AT\">\u00a0zur Verf\u00fcgung. Dort k\u00f6nnen sich Interessierte bereits im Vorfeld ein Bild vom vielf\u00e4ltigen Angebot der teilnehmenden Energieschaupl\u00e4tze machen. Jeder Energieschauplatz erh\u00e4lt auf der Website eine eigene Unterseite zur Darstellung seines Angebots am Veranstaltungstag. Die vollst\u00e4ndige Darstellung aller teilnehmenden Schaupl\u00e4tze wird voraussichtlich\u00a0<b>Ende April<\/b>\u00a0freigeschaltet.<\/span><\/p><p><span lang=\"de-AT\">\u00a0<\/span><\/p><p><span lang=\"de-AT\">Die Veranstaltung sowie die beteiligten Energieschaupl\u00e4tze werden im Vorfeld durch gezielte\u00a0<b>Kampagnenarbeit<\/b>\u00a0und\u00a0<b>Medienkooperationen<\/b>\u00a0(Rundfunk und Printmedien) breit und \u00f6ffentlichkeitswirksam beworben.<\/span><\/p><p><span lang=\"de-AT\">\u00a0<\/span><\/p><p><span lang=\"de-AT\">Die bisherige Sammlung an\u00a0<b>Energieschaupl\u00e4tzen<\/b>\u00a0ist sehr vielf\u00e4ltig und umfasst unter anderem:<\/span><\/p><ul type=\"disc\"><li><span lang=\"de-AT\">Wasserkraftwerke<\/span><\/li><li><span lang=\"de-AT\">Biomassekraftwerke<\/span><\/li><li><span lang=\"de-AT\">Windkraftanlagen<\/span><\/li><li><span lang=\"de-AT\">PV-Vorzeigeprojekte<\/span><\/li><li><span lang=\"de-AT\">Energieeffizienz-Vorzeigeprojekte (z. B. sanierte Geb\u00e4ude)<\/span><\/li><li><span lang=\"de-AT\">Mobilit\u00e4tsprojekte (z. B. E-Car-Sharing)<\/span><\/li><li><span lang=\"de-AT\">Energie-Lehrpfade<\/span><\/li><li><span lang=\"de-AT\">und vieles mehr<\/span><\/li><\/ul><p><span lang=\"de-AT\">\u00a0<\/span><b><\/b><\/p>\t\t\t\t\t\t\t\t<\/div>\n\t\t\t\t<\/div>\n\t\t\t\t\t<\/div>\n\t\t\t\t<\/div>\n\t\t\t\t<\/div>\n\t\t","protected":false},"excerpt":{"rendered":"<p>Energieunternehmensind eingeladen, ihre Tore f\u00fcr Besucherinnen zu \u00f6ffnen. Zus\u00e4tzlicher Schwerpunkt \u201eGreen Jobs\u201c. <\/p>\n","protected":false},"featured_media":0,"template":"","termin_category":[44,158,159,160,161,40,41,42,43],"class_list":["post-168526","gtc_termine","type-gtc_termine","status-publish","hentry","termin_category-more-green-tech","termin_category-geschaeftsfuehrerinnen","termin_category-gruenderinnen","termin_category-fe-leiterinnen","termin_category-marketerinnen","termin_category-green-building","termin_category-green-efficiency","termin_category-green-energy","termin_category-green-resources"],"acf":[],"yoast_head":"<!-- This site is optimized with the Yoast SEO plugin v27.3 - https:\/\/yoast.com\/product\/yoast-seo-wordpress\/ -->\n<title>Langer Tag der Energie<\/title>\n<meta name=\"description\" content=\"Am 20. Juni 2026 findet der Lange Tag der Energie statt. Heuer steht der Lange Tag der Zus\u00e4tzlicher Schwerpunkt \u201eGreen Jobs\u201c.\" \/>\n<meta name=\"robots\" content=\"index, follow, max-snippet:-1, max-image-preview:large, max-video-preview:-1\" \/>\n<link rel=\"canonical\" href=\"https:\/\/www.greentech.at\/termine\/langer-tag-der-energie\/\" \/>\n<meta property=\"og:locale\" content=\"en_US\" \/>\n<meta property=\"og:type\" content=\"article\" \/>\n<meta property=\"og:title\" content=\"Langer Tag der Energie\" \/>\n<meta property=\"og:description\" content=\"Am 20. Juni 2026 findet der Lange Tag der Energie statt. Heuer steht der Lange Tag der Zus\u00e4tzlicher Schwerpunkt \u201eGreen Jobs\u201c.\" \/>\n<meta property=\"og:url\" content=\"https:\/\/www.greentech.at\/termine\/langer-tag-der-energie\/\" \/>\n<meta property=\"og:site_name\" content=\"Green Tech Valley Cluster\" \/>\n<meta property=\"article:modified_time\" content=\"2026-03-27T09:39:29+00:00\" \/>\n<meta name=\"twitter:card\" content=\"summary_large_image\" \/>\n<meta name=\"twitter:label1\" content=\"Est. reading time\" \/>\n\t<meta name=\"twitter:data1\" content=\"2 minutes\" \/>\n<script type=\"application\/ld+json\" class=\"yoast-schema-graph\">{\"@context\":\"https:\\\/\\\/schema.org\",\"@graph\":[{\"@type\":\"WebPage\",\"@id\":\"https:\\\/\\\/www.greentech.at\\\/termine\\\/langer-tag-der-energie\\\/\",\"url\":\"https:\\\/\\\/www.greentech.at\\\/termine\\\/langer-tag-der-energie\\\/\",\"name\":\"Langer Tag der Energie\",\"isPartOf\":{\"@id\":\"https:\\\/\\\/www.greentech.at\\\/#website\"},\"datePublished\":\"2026-03-27T09:36:17+00:00\",\"dateModified\":\"2026-03-27T09:39:29+00:00\",\"description\":\"Am 20. Juni 2026 findet der Lange Tag der Energie statt. Heuer steht der Lange Tag der Zus\u00e4tzlicher Schwerpunkt \u201eGreen Jobs\u201c.\",\"breadcrumb\":{\"@id\":\"https:\\\/\\\/www.greentech.at\\\/termine\\\/langer-tag-der-energie\\\/#breadcrumb\"},\"inLanguage\":\"en-US\",\"potentialAction\":[{\"@type\":\"ReadAction\",\"target\":[\"https:\\\/\\\/www.greentech.at\\\/termine\\\/langer-tag-der-energie\\\/\"]}]},{\"@type\":\"BreadcrumbList\",\"@id\":\"https:\\\/\\\/www.greentech.at\\\/termine\\\/langer-tag-der-energie\\\/#breadcrumb\",\"itemListElement\":[{\"@type\":\"ListItem\",\"position\":1,\"name\":\"Startseite\",\"item\":\"https:\\\/\\\/www.greentech.at\\\/\"},{\"@type\":\"ListItem\",\"position\":2,\"name\":\"Termine\",\"item\":\"https:\\\/\\\/www.greentech.at\\\/termine\\\/\"},{\"@type\":\"ListItem\",\"position\":3,\"name\":\"Langer Tag der Energie\"}]},{\"@type\":\"WebSite\",\"@id\":\"https:\\\/\\\/www.greentech.at\\\/#website\",\"url\":\"https:\\\/\\\/www.greentech.at\\\/\",\"name\":\"Green Tech Valley Cluster\",\"description\":\"Willkommen im Green Tech Valley, dem globalen Hotspot #1 f\u00fcr Climate und Circular Solutions\",\"publisher\":{\"@id\":\"https:\\\/\\\/www.greentech.at\\\/#organization\"},\"potentialAction\":[{\"@type\":\"SearchAction\",\"target\":{\"@type\":\"EntryPoint\",\"urlTemplate\":\"https:\\\/\\\/www.greentech.at\\\/?s={search_term_string}\"},\"query-input\":{\"@type\":\"PropertyValueSpecification\",\"valueRequired\":true,\"valueName\":\"search_term_string\"}}],\"inLanguage\":\"en-US\"},{\"@type\":\"Organization\",\"@id\":\"https:\\\/\\\/www.greentech.at\\\/#organization\",\"name\":\"Green Tech Valley Cluster\",\"url\":\"https:\\\/\\\/www.greentech.at\\\/\",\"logo\":{\"@type\":\"ImageObject\",\"inLanguage\":\"en-US\",\"@id\":\"https:\\\/\\\/www.greentech.at\\\/#\\\/schema\\\/logo\\\/image\\\/\",\"url\":\"https:\\\/\\\/www.greentech.at\\\/wp-content\\\/uploads\\\/2021\\\/04\\\/cropped-GTV_Log-scaled.png\",\"contentUrl\":\"https:\\\/\\\/www.greentech.at\\\/wp-content\\\/uploads\\\/2021\\\/04\\\/cropped-GTV_Log-scaled.png\",\"width\":2560,\"height\":1734,\"caption\":\"Green Tech Valley Cluster\"},\"image\":{\"@id\":\"https:\\\/\\\/www.greentech.at\\\/#\\\/schema\\\/logo\\\/image\\\/\"},\"sameAs\":[\"https:\\\/\\\/www.linkedin.com\\\/company\\\/greentechcluster\"]}]}<\/script>\n<!-- \/ Yoast SEO plugin. -->","yoast_head_json":{"title":"Langer Tag der Energie","description":"Am 20. Juni 2026 findet der Lange Tag der Energie statt. Heuer steht der Lange Tag der Zus\u00e4tzlicher Schwerpunkt \u201eGreen Jobs\u201c.","robots":{"index":"index","follow":"follow","max-snippet":"max-snippet:-1","max-image-preview":"max-image-preview:large","max-video-preview":"max-video-preview:-1"},"canonical":"https:\/\/www.greentech.at\/termine\/langer-tag-der-energie\/","og_locale":"en_US","og_type":"article","og_title":"Langer Tag der Energie","og_description":"Am 20. Juni 2026 findet der Lange Tag der Energie statt. Heuer steht der Lange Tag der Zus\u00e4tzlicher Schwerpunkt \u201eGreen Jobs\u201c.","og_url":"https:\/\/www.greentech.at\/termine\/langer-tag-der-energie\/","og_site_name":"Green Tech Valley Cluster","article_modified_time":"2026-03-27T09:39:29+00:00","twitter_card":"summary_large_image","twitter_misc":{"Est. reading time":"2 minutes"},"schema":{"@context":"https:\/\/schema.org","@graph":[{"@type":"WebPage","@id":"https:\/\/www.greentech.at\/termine\/langer-tag-der-energie\/","url":"https:\/\/www.greentech.at\/termine\/langer-tag-der-energie\/","name":"Langer Tag der Energie","isPartOf":{"@id":"https:\/\/www.greentech.at\/#website"},"datePublished":"2026-03-27T09:36:17+00:00","dateModified":"2026-03-27T09:39:29+00:00","description":"Am 20. Juni 2026 findet der Lange Tag der Energie statt. Heuer steht der Lange Tag der Zus\u00e4tzlicher Schwerpunkt \u201eGreen Jobs\u201c.","breadcrumb":{"@id":"https:\/\/www.greentech.at\/termine\/langer-tag-der-energie\/#breadcrumb"},"inLanguage":"en-US","potentialAction":[{"@type":"ReadAction","target":["https:\/\/www.greentech.at\/termine\/langer-tag-der-energie\/"]}]},{"@type":"BreadcrumbList","@id":"https:\/\/www.greentech.at\/termine\/langer-tag-der-energie\/#breadcrumb","itemListElement":[{"@type":"ListItem","position":1,"name":"Startseite","item":"https:\/\/www.greentech.at\/"},{"@type":"ListItem","position":2,"name":"Termine","item":"https:\/\/www.greentech.at\/termine\/"},{"@type":"ListItem","position":3,"name":"Langer Tag der Energie"}]},{"@type":"WebSite","@id":"https:\/\/www.greentech.at\/#website","url":"https:\/\/www.greentech.at\/","name":"Green Tech Valley Cluster","description":"Willkommen im Green Tech Valley, dem globalen Hotspot #1 f\u00fcr Climate und Circular Solutions","publisher":{"@id":"https:\/\/www.greentech.at\/#organization"},"potentialAction":[{"@type":"SearchAction","target":{"@type":"EntryPoint","urlTemplate":"https:\/\/www.greentech.at\/?s={search_term_string}"},"query-input":{"@type":"PropertyValueSpecification","valueRequired":true,"valueName":"search_term_string"}}],"inLanguage":"en-US"},{"@type":"Organization","@id":"https:\/\/www.greentech.at\/#organization","name":"Green Tech Valley Cluster","url":"https:\/\/www.greentech.at\/","logo":{"@type":"ImageObject","inLanguage":"en-US","@id":"https:\/\/www.greentech.at\/#\/schema\/logo\/image\/","url":"https:\/\/www.greentech.at\/wp-content\/uploads\/2021\/04\/cropped-GTV_Log-scaled.png","contentUrl":"https:\/\/www.greentech.at\/wp-content\/uploads\/2021\/04\/cropped-GTV_Log-scaled.png","width":2560,"height":1734,"caption":"Green Tech Valley Cluster"},"image":{"@id":"https:\/\/www.greentech.at\/#\/schema\/logo\/image\/"},"sameAs":["https:\/\/www.linkedin.com\/company\/greentechcluster"]}]}},"_links":{"self":[{"href":"https:\/\/www.greentech.at\/en\/wp-json\/wp\/v2\/gtc_termine\/168526","targetHints":{"allow":["GET"]}}],"collection":[{"href":"https:\/\/www.greentech.at\/en\/wp-json\/wp\/v2\/gtc_termine"}],"about":[{"href":"https:\/\/www.greentech.at\/en\/wp-json\/wp\/v2\/types\/gtc_termine"}],"version-history":[{"count":5,"href":"https:\/\/www.greentech.at\/en\/wp-json\/wp\/v2\/gtc_termine\/168526\/revisions"}],"predecessor-version":[{"id":168536,"href":"https:\/\/www.greentech.at\/en\/wp-json\/wp\/v2\/gtc_termine\/168526\/revisions\/168536"}],"wp:attachment":[{"href":"https:\/\/www.greentech.at\/en\/wp-json\/wp\/v2\/media?parent=168526"}],"wp:term":[{"taxonomy":"termin_category","embeddable":true,"href":"https:\/\/www.greentech.at\/en\/wp-json\/wp\/v2\/termin_category?post=168526"}],"curies":[{"name":"wp","href":"https:\/\/api.w.org\/{rel}","templated":true}]}}