
{"id":168452,"date":"2026-03-25T14:45:29","date_gmt":"2026-03-25T13:45:29","guid":{"rendered":"https:\/\/www.greentech.at\/?post_type=gtc_termine&#038;p=168452"},"modified":"2026-03-25T14:52:07","modified_gmt":"2026-03-25T13:52:07","slug":"wirtschaftsdelegierten-sprechtag-2","status":"publish","type":"gtc_termine","link":"https:\/\/www.greentech.at\/en\/termine\/wirtschaftsdelegierten-sprechtag-2\/","title":{"rendered":"\u00a0Wirtschaftsdelegierten-Sprechtag"},"content":{"rendered":"\t\t<div data-elementor-type=\"wp-post\" data-elementor-id=\"168452\" class=\"elementor elementor-168452\" data-elementor-post-type=\"gtc_termine\">\n\t\t\t\t\t\t<section class=\"elementor-section elementor-top-section elementor-element elementor-element-f6e7a9c elementor-section-boxed elementor-section-height-default elementor-section-height-default\" data-id=\"f6e7a9c\" data-element_type=\"section\" data-e-type=\"section\">\n\t\t\t\t\t\t<div class=\"elementor-container elementor-column-gap-default\">\n\t\t\t\t\t<div class=\"elementor-column elementor-col-100 elementor-top-column elementor-element elementor-element-52471b4\" data-id=\"52471b4\" data-element_type=\"column\" data-e-type=\"column\">\n\t\t\t<div class=\"elementor-widget-wrap elementor-element-populated\">\n\t\t\t\t<div class=\"elementor-element elementor-element-d503083 e-flex e-con-boxed e-con e-parent\" data-id=\"d503083\" data-element_type=\"container\" data-e-type=\"container\">\n\t\t\t\t\t<div class=\"e-con-inner\">\n\t\t\t\t<div class=\"elementor-element elementor-element-ad73196 elementor-widget elementor-widget-heading\" data-id=\"ad73196\" data-element_type=\"widget\" data-e-type=\"widget\" data-widget_type=\"heading.default\">\n\t\t\t\t<div class=\"elementor-widget-container\">\n\t\t\t\t\t<h2 class=\"elementor-heading-title elementor-size-default\">2. Juni 2026<br>13:30-18:00 Uhr <br>WKO Steiermark, Europasaal<br> K\u00f6rblergasse 111-113, 8010 Graz<\/h2>\t\t\t\t<\/div>\n\t\t\t\t<\/div>\n\t\t\t\t\t<\/div>\n\t\t\t\t<\/div>\n\t\t\t\t\t<\/div>\n\t\t<\/div>\n\t\t\t\t\t<\/div>\n\t\t<\/section>\n\t\t\t\t<section class=\"elementor-section elementor-top-section elementor-element elementor-element-fb97828 elementor-section-boxed elementor-section-height-default elementor-section-height-default\" data-id=\"fb97828\" data-element_type=\"section\" data-e-type=\"section\">\n\t\t\t\t\t\t<div class=\"elementor-container elementor-column-gap-default\">\n\t\t\t\t\t<div class=\"elementor-column elementor-col-100 elementor-top-column elementor-element elementor-element-bdd53eb\" data-id=\"bdd53eb\" data-element_type=\"column\" data-e-type=\"column\">\n\t\t\t<div class=\"elementor-widget-wrap elementor-element-populated\">\n\t\t\t\t\t\t<div class=\"elementor-element elementor-element-ef2bd5b elementor-widget elementor-widget-button\" data-id=\"ef2bd5b\" data-element_type=\"widget\" data-e-type=\"widget\" data-widget_type=\"button.default\">\n\t\t\t\t<div class=\"elementor-widget-container\">\n\t\t\t\t\t\t\t\t\t<div class=\"elementor-button-wrapper\">\n\t\t\t\t\t<a class=\"elementor-button elementor-button-link elementor-size-sm\" href=\"https:\/\/www.wk-events.at\/stmk\/wirtschaftsdelegierten-sprechtag_afrika_nahost_zentralasien_t%C3%BCrkei\/home\">\n\t\t\t\t\t\t<span class=\"elementor-button-content-wrapper\">\n\t\t\t\t\t\t\t\t\t<span class=\"elementor-button-text\">Infos &amp;  Anmeldung <\/span>\n\t\t\t\t\t<\/span>\n\t\t\t\t\t<\/a>\n\t\t\t\t<\/div>\n\t\t\t\t\t\t\t\t<\/div>\n\t\t\t\t<\/div>\n\t\t\t\t<div class=\"elementor-element elementor-element-3631a4b elementor-widget-divider--view-line elementor-widget elementor-widget-divider\" data-id=\"3631a4b\" data-element_type=\"widget\" data-e-type=\"widget\" data-widget_type=\"divider.default\">\n\t\t\t\t<div class=\"elementor-widget-container\">\n\t\t\t\t\t\t\t<div class=\"elementor-divider\">\n\t\t\t<span class=\"elementor-divider-separator\">\n\t\t\t\t\t\t<\/span>\n\t\t<\/div>\n\t\t\t\t\t\t<\/div>\n\t\t\t\t<\/div>\n\t\t\t\t\t<\/div>\n\t\t<\/div>\n\t\t\t\t\t<\/div>\n\t\t<\/section>\n\t\t<div class=\"elementor-element elementor-element-acf0869 e-flex e-con-boxed e-con e-parent\" data-id=\"acf0869\" data-element_type=\"container\" data-e-type=\"container\">\n\t\t\t\t\t<div class=\"e-con-inner\">\n\t\t\t\t<div class=\"elementor-element elementor-element-c8105f9 elementor-widget elementor-widget-text-editor\" data-id=\"c8105f9\" data-element_type=\"widget\" data-e-type=\"widget\" data-widget_type=\"text-editor.default\">\n\t\t\t\t<div class=\"elementor-widget-container\">\n\t\t\t\t\t\t\t\t\t<p><span lang=\"de\" data-olk-copy-source=\"MessageBody\">Am<b>\u00a0Dienstag,\u00a0<\/b>den<b>\u00a002.06.2026<\/b>\u00a0findet von 13:30-18:00 Uhr in der WKO Steiermark ein\u00a0<b>Wirtschaftsdelegierten-Sprechtag Afrika, Nahost, Zentralasien, T\u00fcrkei\u00a0<\/b>(+ zus\u00e4tzlich China) statt.\u00a0<\/span><a title=\"https:\/\/www.wk-events.at\/stmk\/wirtschaftsdelegierten-sprechtag_afrika_nahost_zentralasien_t%C3%BCrkei\/wirtschaftsdelegierte%20&amp;%20expertinnen\" href=\"https:\/\/www.wk-events.at\/stmk\/wirtschaftsdelegierten-sprechtag_afrika_nahost_zentralasien_t%C3%BCrkei\/wirtschaftsdelegierte%20&amp;%20expertinnen\" data-auth=\"NotApplicable\" data-linkindex=\"0\"><span lang=\"de\">18 Wirtschaftsdelegierte<\/span><\/a><span lang=\"de\">\u00a0stehen f\u00fcr pers\u00f6nliche Beratungsgespr\u00e4che zur Verf\u00fcgung und k\u00f6nnen f\u00fcr einzelne Gespr\u00e4chsslots gebucht werden.<\/span><\/p><p><span lang=\"de\">Zus\u00e4tzlich steht eine ICS-Kollegin f\u00fcr Beratungsgespr\u00e4che zum F\u00f6rderprogramm \u201ego-international\u201c zur Verf\u00fcgung.<\/span><\/p><p>Erg\u00e4nzend zum Wirtschaftsdelegierten-Sprechtag gibt es auch\u00a0\u00a0<b>drei inspirierende Impulsworkshops<\/b>, die den Blick \u00fcber den Tellerrand hinaus \u00f6ffnen und globale Entwicklungen greifbar machen.<\/p><p><span lang=\"de\">Jeder \u201eImpuls\u201c widmet sich einer ausgew\u00e4hlten Region bzw. einem Land und bietet praxisnahe Einblicke aus erster Hand.<\/span><\/p><ul type=\"disc\"><li><span lang=\"de\">Impuls 1:\u00a0<\/span><a title=\"https:\/\/www.wk-events.at\/stmk\/wirtschaftsdelegierten-sprechtag_afrika_nahost_zentralasien_t%C3%BCrkei\/africamarketinsights\" href=\"https:\/\/www.wk-events.at\/stmk\/wirtschaftsdelegierten-sprechtag_afrika_nahost_zentralasien_t%C3%BCrkei\/africamarketinsights\" data-auth=\"NotApplicable\" data-linkindex=\"1\"><span lang=\"de\">Africa Market Insights<\/span><\/a><span lang=\"de\">\u00a0&#8211; Branchen-Spotlights aus vier afrikanischen M\u00e4rkten<\/span><\/li><li><span lang=\"de\">Impuls 2:\u00a0<a title=\"https:\/\/www.wk-events.at\/stmk\/wirtschaftsdelegierten-sprechtag_afrika_nahost_zentralasien_t%C3%BCrkei\/zentralasien\" href=\"https:\/\/www.wk-events.at\/stmk\/wirtschaftsdelegierten-sprechtag_afrika_nahost_zentralasien_t%C3%BCrkei\/zentralasien\" data-auth=\"NotApplicable\" data-linkindex=\"2\">Zentralasien<\/a><\/span><\/li><li><span lang=\"de\">Impuls 3:\u00a0<a title=\"https:\/\/www.wk-events.at\/stmk\/wirtschaftsdelegierten-sprechtag_afrika_nahost_zentralasien_t%C3%BCrkei\/saudi_arabien_fokus\" href=\"https:\/\/www.wk-events.at\/stmk\/wirtschaftsdelegierten-sprechtag_afrika_nahost_zentralasien_t%C3%BCrkei\/saudi_arabien_fokus\" data-auth=\"NotApplicable\" data-linkindex=\"3\">Saudi-Arabien<\/a><\/span><\/li><\/ul><div>\u00a0<\/div><div>\u00a0<\/div><div><p><span data-olk-copy-source=\"MessageBody\">Die\u00a0<b>Anmeldung zu Einzelgespr\u00e4chen mit den Wirtschaftsdelegierten und weiteren Expert:innen\u00a0<\/b>(Terminslots zu je 20 min.) sowie zu den\u00a0<b>Impulsworkshops<\/b> ist <b>ausschlie\u00dflich online<\/b> (Klick auf Button oben: &#8220;Infos &amp; Anmeldung&#8221;) <\/span>m\u00f6glich.\u00a0<\/p><ul type=\"disc\"><li>Nur begrenzte Anzahl an Gespr\u00e4chs-Slots verf\u00fcgbar.<br \/>(Es gilt das first-come, first-served-Prinzip.)<\/li><\/ul><\/div>\t\t\t\t\t\t\t\t<\/div>\n\t\t\t\t<\/div>\n\t\t\t\t\t<\/div>\n\t\t\t\t<\/div>\n\t\t\t\t<\/div>\n\t\t","protected":false},"excerpt":{"rendered":"<p>Afrika, Nahost, Zentralasien, T\u00fcrkei (+ zus\u00e4tzlich China) <\/p>\n","protected":false},"featured_media":0,"template":"","termin_category":[44,158,159,160,161,40,41,42,43],"class_list":["post-168452","gtc_termine","type-gtc_termine","status-publish","hentry","termin_category-more-green-tech","termin_category-geschaeftsfuehrerinnen","termin_category-gruenderinnen","termin_category-fe-leiterinnen","termin_category-marketerinnen","termin_category-green-building","termin_category-green-efficiency","termin_category-green-energy","termin_category-green-resources"],"acf":[],"yoast_head":"<!-- This site is optimized with the Yoast SEO plugin v27.3 - https:\/\/yoast.com\/product\/yoast-seo-wordpress\/ -->\n<title>\u00a0Wirtschaftsdelegierten-Sprechtag<\/title>\n<meta name=\"description\" content=\"Wirtschaftsdelegierten-Sprechtag: Afrika, Nahost, Zentralasien, T\u00fcrkei (+ zus\u00e4tzlich China). WKO Steiermark, 2. Juni 2026.\" \/>\n<meta name=\"robots\" content=\"index, follow, max-snippet:-1, max-image-preview:large, max-video-preview:-1\" \/>\n<link rel=\"canonical\" href=\"https:\/\/www.greentech.at\/termine\/wirtschaftsdelegierten-sprechtag-2\/\" \/>\n<meta property=\"og:locale\" content=\"en_US\" \/>\n<meta property=\"og:type\" content=\"article\" \/>\n<meta property=\"og:title\" content=\"\u00a0Wirtschaftsdelegierten-Sprechtag\" \/>\n<meta property=\"og:description\" content=\"Wirtschaftsdelegierten-Sprechtag: Afrika, Nahost, Zentralasien, T\u00fcrkei (+ zus\u00e4tzlich China). WKO Steiermark, 2. Juni 2026.\" \/>\n<meta property=\"og:url\" content=\"https:\/\/www.greentech.at\/termine\/wirtschaftsdelegierten-sprechtag-2\/\" \/>\n<meta property=\"og:site_name\" content=\"Green Tech Valley Cluster\" \/>\n<meta property=\"article:modified_time\" content=\"2026-03-25T13:52:07+00:00\" \/>\n<meta name=\"twitter:card\" content=\"summary_large_image\" \/>\n<meta name=\"twitter:label1\" content=\"Est. reading time\" \/>\n\t<meta name=\"twitter:data1\" content=\"1 minute\" \/>\n<script type=\"application\/ld+json\" class=\"yoast-schema-graph\">{\"@context\":\"https:\\\/\\\/schema.org\",\"@graph\":[{\"@type\":\"WebPage\",\"@id\":\"https:\\\/\\\/www.greentech.at\\\/termine\\\/wirtschaftsdelegierten-sprechtag-2\\\/\",\"url\":\"https:\\\/\\\/www.greentech.at\\\/termine\\\/wirtschaftsdelegierten-sprechtag-2\\\/\",\"name\":\"\u00a0Wirtschaftsdelegierten-Sprechtag\",\"isPartOf\":{\"@id\":\"https:\\\/\\\/www.greentech.at\\\/#website\"},\"datePublished\":\"2026-03-25T13:45:29+00:00\",\"dateModified\":\"2026-03-25T13:52:07+00:00\",\"description\":\"Wirtschaftsdelegierten-Sprechtag: Afrika, Nahost, Zentralasien, T\u00fcrkei (+ zus\u00e4tzlich China). WKO Steiermark, 2. Juni 2026.\",\"breadcrumb\":{\"@id\":\"https:\\\/\\\/www.greentech.at\\\/termine\\\/wirtschaftsdelegierten-sprechtag-2\\\/#breadcrumb\"},\"inLanguage\":\"en-US\",\"potentialAction\":[{\"@type\":\"ReadAction\",\"target\":[\"https:\\\/\\\/www.greentech.at\\\/termine\\\/wirtschaftsdelegierten-sprechtag-2\\\/\"]}]},{\"@type\":\"BreadcrumbList\",\"@id\":\"https:\\\/\\\/www.greentech.at\\\/termine\\\/wirtschaftsdelegierten-sprechtag-2\\\/#breadcrumb\",\"itemListElement\":[{\"@type\":\"ListItem\",\"position\":1,\"name\":\"Startseite\",\"item\":\"https:\\\/\\\/www.greentech.at\\\/\"},{\"@type\":\"ListItem\",\"position\":2,\"name\":\"Termine\",\"item\":\"https:\\\/\\\/www.greentech.at\\\/termine\\\/\"},{\"@type\":\"ListItem\",\"position\":3,\"name\":\"\u00a0Wirtschaftsdelegierten-Sprechtag\"}]},{\"@type\":\"WebSite\",\"@id\":\"https:\\\/\\\/www.greentech.at\\\/#website\",\"url\":\"https:\\\/\\\/www.greentech.at\\\/\",\"name\":\"Green Tech Valley Cluster\",\"description\":\"Willkommen im Green Tech Valley, dem globalen Hotspot #1 f\u00fcr Climate und Circular Solutions\",\"publisher\":{\"@id\":\"https:\\\/\\\/www.greentech.at\\\/#organization\"},\"potentialAction\":[{\"@type\":\"SearchAction\",\"target\":{\"@type\":\"EntryPoint\",\"urlTemplate\":\"https:\\\/\\\/www.greentech.at\\\/?s={search_term_string}\"},\"query-input\":{\"@type\":\"PropertyValueSpecification\",\"valueRequired\":true,\"valueName\":\"search_term_string\"}}],\"inLanguage\":\"en-US\"},{\"@type\":\"Organization\",\"@id\":\"https:\\\/\\\/www.greentech.at\\\/#organization\",\"name\":\"Green Tech Valley Cluster\",\"url\":\"https:\\\/\\\/www.greentech.at\\\/\",\"logo\":{\"@type\":\"ImageObject\",\"inLanguage\":\"en-US\",\"@id\":\"https:\\\/\\\/www.greentech.at\\\/#\\\/schema\\\/logo\\\/image\\\/\",\"url\":\"https:\\\/\\\/www.greentech.at\\\/wp-content\\\/uploads\\\/2021\\\/04\\\/cropped-GTV_Log-scaled.png\",\"contentUrl\":\"https:\\\/\\\/www.greentech.at\\\/wp-content\\\/uploads\\\/2021\\\/04\\\/cropped-GTV_Log-scaled.png\",\"width\":2560,\"height\":1734,\"caption\":\"Green Tech Valley Cluster\"},\"image\":{\"@id\":\"https:\\\/\\\/www.greentech.at\\\/#\\\/schema\\\/logo\\\/image\\\/\"},\"sameAs\":[\"https:\\\/\\\/www.linkedin.com\\\/company\\\/greentechcluster\"]}]}<\/script>\n<!-- \/ Yoast SEO plugin. -->","yoast_head_json":{"title":"\u00a0Wirtschaftsdelegierten-Sprechtag","description":"Wirtschaftsdelegierten-Sprechtag: Afrika, Nahost, Zentralasien, T\u00fcrkei (+ zus\u00e4tzlich China). WKO Steiermark, 2. Juni 2026.","robots":{"index":"index","follow":"follow","max-snippet":"max-snippet:-1","max-image-preview":"max-image-preview:large","max-video-preview":"max-video-preview:-1"},"canonical":"https:\/\/www.greentech.at\/termine\/wirtschaftsdelegierten-sprechtag-2\/","og_locale":"en_US","og_type":"article","og_title":"\u00a0Wirtschaftsdelegierten-Sprechtag","og_description":"Wirtschaftsdelegierten-Sprechtag: Afrika, Nahost, Zentralasien, T\u00fcrkei (+ zus\u00e4tzlich China). WKO Steiermark, 2. Juni 2026.","og_url":"https:\/\/www.greentech.at\/termine\/wirtschaftsdelegierten-sprechtag-2\/","og_site_name":"Green Tech Valley Cluster","article_modified_time":"2026-03-25T13:52:07+00:00","twitter_card":"summary_large_image","twitter_misc":{"Est. reading time":"1 minute"},"schema":{"@context":"https:\/\/schema.org","@graph":[{"@type":"WebPage","@id":"https:\/\/www.greentech.at\/termine\/wirtschaftsdelegierten-sprechtag-2\/","url":"https:\/\/www.greentech.at\/termine\/wirtschaftsdelegierten-sprechtag-2\/","name":"\u00a0Wirtschaftsdelegierten-Sprechtag","isPartOf":{"@id":"https:\/\/www.greentech.at\/#website"},"datePublished":"2026-03-25T13:45:29+00:00","dateModified":"2026-03-25T13:52:07+00:00","description":"Wirtschaftsdelegierten-Sprechtag: Afrika, Nahost, Zentralasien, T\u00fcrkei (+ zus\u00e4tzlich China). WKO Steiermark, 2. Juni 2026.","breadcrumb":{"@id":"https:\/\/www.greentech.at\/termine\/wirtschaftsdelegierten-sprechtag-2\/#breadcrumb"},"inLanguage":"en-US","potentialAction":[{"@type":"ReadAction","target":["https:\/\/www.greentech.at\/termine\/wirtschaftsdelegierten-sprechtag-2\/"]}]},{"@type":"BreadcrumbList","@id":"https:\/\/www.greentech.at\/termine\/wirtschaftsdelegierten-sprechtag-2\/#breadcrumb","itemListElement":[{"@type":"ListItem","position":1,"name":"Startseite","item":"https:\/\/www.greentech.at\/"},{"@type":"ListItem","position":2,"name":"Termine","item":"https:\/\/www.greentech.at\/termine\/"},{"@type":"ListItem","position":3,"name":"\u00a0Wirtschaftsdelegierten-Sprechtag"}]},{"@type":"WebSite","@id":"https:\/\/www.greentech.at\/#website","url":"https:\/\/www.greentech.at\/","name":"Green Tech Valley Cluster","description":"Willkommen im Green Tech Valley, dem globalen Hotspot #1 f\u00fcr Climate und Circular Solutions","publisher":{"@id":"https:\/\/www.greentech.at\/#organization"},"potentialAction":[{"@type":"SearchAction","target":{"@type":"EntryPoint","urlTemplate":"https:\/\/www.greentech.at\/?s={search_term_string}"},"query-input":{"@type":"PropertyValueSpecification","valueRequired":true,"valueName":"search_term_string"}}],"inLanguage":"en-US"},{"@type":"Organization","@id":"https:\/\/www.greentech.at\/#organization","name":"Green Tech Valley Cluster","url":"https:\/\/www.greentech.at\/","logo":{"@type":"ImageObject","inLanguage":"en-US","@id":"https:\/\/www.greentech.at\/#\/schema\/logo\/image\/","url":"https:\/\/www.greentech.at\/wp-content\/uploads\/2021\/04\/cropped-GTV_Log-scaled.png","contentUrl":"https:\/\/www.greentech.at\/wp-content\/uploads\/2021\/04\/cropped-GTV_Log-scaled.png","width":2560,"height":1734,"caption":"Green Tech Valley Cluster"},"image":{"@id":"https:\/\/www.greentech.at\/#\/schema\/logo\/image\/"},"sameAs":["https:\/\/www.linkedin.com\/company\/greentechcluster"]}]}},"_links":{"self":[{"href":"https:\/\/www.greentech.at\/en\/wp-json\/wp\/v2\/gtc_termine\/168452","targetHints":{"allow":["GET"]}}],"collection":[{"href":"https:\/\/www.greentech.at\/en\/wp-json\/wp\/v2\/gtc_termine"}],"about":[{"href":"https:\/\/www.greentech.at\/en\/wp-json\/wp\/v2\/types\/gtc_termine"}],"version-history":[{"count":5,"href":"https:\/\/www.greentech.at\/en\/wp-json\/wp\/v2\/gtc_termine\/168452\/revisions"}],"predecessor-version":[{"id":168459,"href":"https:\/\/www.greentech.at\/en\/wp-json\/wp\/v2\/gtc_termine\/168452\/revisions\/168459"}],"wp:attachment":[{"href":"https:\/\/www.greentech.at\/en\/wp-json\/wp\/v2\/media?parent=168452"}],"wp:term":[{"taxonomy":"termin_category","embeddable":true,"href":"https:\/\/www.greentech.at\/en\/wp-json\/wp\/v2\/termin_category?post=168452"}],"curies":[{"name":"wp","href":"https:\/\/api.w.org\/{rel}","templated":true}]}}