
{"id":164119,"date":"2025-11-24T10:44:35","date_gmt":"2025-11-24T09:44:35","guid":{"rendered":"https:\/\/www.greentech.at\/?post_type=gtc_termine&#038;p=164119"},"modified":"2026-01-13T15:09:12","modified_gmt":"2026-01-13T14:09:12","slug":"ifat-munich-2026","status":"publish","type":"gtc_termine","link":"https:\/\/www.greentech.at\/en\/termine\/ifat-munich-2026\/","title":{"rendered":"IFAT Munich 2026"},"content":{"rendered":"\t\t<div data-elementor-type=\"wp-post\" data-elementor-id=\"164119\" class=\"elementor elementor-164119\" data-elementor-post-type=\"gtc_termine\">\n\t\t\t\t\t\t<section class=\"elementor-section elementor-top-section elementor-element elementor-element-94c0029 elementor-section-boxed elementor-section-height-default elementor-section-height-default\" data-id=\"94c0029\" data-element_type=\"section\" data-e-type=\"section\">\n\t\t\t\t\t\t<div class=\"elementor-container elementor-column-gap-default\">\n\t\t\t\t\t<div class=\"elementor-column elementor-col-100 elementor-top-column elementor-element elementor-element-6704b4c\" data-id=\"6704b4c\" data-element_type=\"column\" data-e-type=\"column\">\n\t\t\t<div class=\"elementor-widget-wrap elementor-element-populated\">\n\t\t\t\t\t\t<div class=\"elementor-element elementor-element-66e20f5 elementor-widget__width-initial elementor-widget elementor-widget-heading\" data-id=\"66e20f5\" data-element_type=\"widget\" data-e-type=\"widget\" data-widget_type=\"heading.default\">\n\t\t\t\t<div class=\"elementor-widget-container\">\n\t\t\t\t\t<h2 class=\"elementor-heading-title elementor-size-default\">4.-7. Mai 2026<br>Messe M\u00fcnchen<\/h2>\t\t\t\t<\/div>\n\t\t\t\t<\/div>\n\t\t\t\t\t<\/div>\n\t\t<\/div>\n\t\t\t\t\t<\/div>\n\t\t<\/section>\n\t\t\t\t<section class=\"elementor-section elementor-top-section elementor-element elementor-element-c9755fa elementor-section-boxed elementor-section-height-default elementor-section-height-default\" data-id=\"c9755fa\" data-element_type=\"section\" data-e-type=\"section\">\n\t\t\t\t\t\t<div class=\"elementor-container elementor-column-gap-default\">\n\t\t\t\t\t<div class=\"elementor-column elementor-col-100 elementor-top-column elementor-element elementor-element-1e24ae9\" data-id=\"1e24ae9\" data-element_type=\"column\" data-e-type=\"column\">\n\t\t\t<div class=\"elementor-widget-wrap elementor-element-populated\">\n\t\t\t\t\t\t<div class=\"elementor-element elementor-element-7e949b9 elementor-widget elementor-widget-button\" data-id=\"7e949b9\" data-element_type=\"widget\" data-e-type=\"widget\" data-widget_type=\"button.default\">\n\t\t\t\t<div class=\"elementor-widget-container\">\n\t\t\t\t\t\t\t\t\t<div class=\"elementor-button-wrapper\">\n\t\t\t\t\t<a class=\"elementor-button elementor-button-link elementor-size-sm\" href=\"https:\/\/ifat.de\/de\/messe\/\" target=\"_blank\">\n\t\t\t\t\t\t<span class=\"elementor-button-content-wrapper\">\n\t\t\t\t\t\t\t\t\t<span class=\"elementor-button-text\">Infos, Tickets, Aussteller<\/span>\n\t\t\t\t\t<\/span>\n\t\t\t\t\t<\/a>\n\t\t\t\t<\/div>\n\t\t\t\t\t\t\t\t<\/div>\n\t\t\t\t<\/div>\n\t\t\t\t<div class=\"elementor-element elementor-element-3a786cb7 elementor-widget__width-initial elementor-widget-tablet__width-inherit elementor-widget-divider--view-line elementor-widget elementor-widget-divider\" data-id=\"3a786cb7\" data-element_type=\"widget\" data-e-type=\"widget\" data-widget_type=\"divider.default\">\n\t\t\t\t<div class=\"elementor-widget-container\">\n\t\t\t\t\t\t\t<div class=\"elementor-divider\">\n\t\t\t<span class=\"elementor-divider-separator\">\n\t\t\t\t\t\t<\/span>\n\t\t<\/div>\n\t\t\t\t\t\t<\/div>\n\t\t\t\t<\/div>\n\t\t\t\t<div class=\"elementor-element elementor-element-55285ac elementor-widget elementor-widget-spacer\" data-id=\"55285ac\" data-element_type=\"widget\" data-e-type=\"widget\" data-widget_type=\"spacer.default\">\n\t\t\t\t<div class=\"elementor-widget-container\">\n\t\t\t\t\t\t\t<div class=\"elementor-spacer\">\n\t\t\t<div class=\"elementor-spacer-inner\"><\/div>\n\t\t<\/div>\n\t\t\t\t\t\t<\/div>\n\t\t\t\t<\/div>\n\t\t\t\t\t<\/div>\n\t\t<\/div>\n\t\t\t\t\t<\/div>\n\t\t<\/section>\n\t\t<div class=\"elementor-element elementor-element-0f3a14b e-flex e-con-boxed e-con e-parent\" data-id=\"0f3a14b\" data-element_type=\"container\" data-e-type=\"container\">\n\t\t\t\t\t<div class=\"e-con-inner\">\n\t\t\t\t<div class=\"elementor-element elementor-element-9615c82 elementor-widget elementor-widget-text-editor\" data-id=\"9615c82\" data-element_type=\"widget\" data-e-type=\"widget\" data-widget_type=\"text-editor.default\">\n\t\t\t\t<div class=\"elementor-widget-container\">\n\t\t\t\t\t\t\t\t\t<p>Die\u00a0<strong>IFAT Munich<\/strong>\u00a0ist der wichtigste Branchentreffpunkt und das Herz der gr\u00f6\u00dften\u00a0<strong>internationalen Plattform<\/strong>\u00a0f\u00fcr Umwelttechnologien.<\/p><p><span style=\"color: #343434; font-family: Arial, Helvetica, sans-serif;\">Digitaliserung, Recycling, Trinkwasserversorgung, Klimaresilienz, Kommunaltechnik &#8211; diese und weitere Branchenthemen stehen auf der IFAT Munich 2026 im Fokus.<\/span><\/p><p>Im<strong>\u00a0Mai 2026<\/strong>\u00a0pr\u00e4sentieren \u00fcber\u00a0<strong>3.000 Aussteller aus mehr als 60 L\u00e4ndern<\/strong>\u00a0ihre Strategien und Innovationen. Entdecken Sie zukunftsweisende L\u00f6sungen f\u00fcr\u00a0<strong>Wasser, Recycling und Zirkularit\u00e4t<\/strong>.<\/p><p>\u00a0<\/p>\t\t\t\t\t\t\t\t<\/div>\n\t\t\t\t<\/div>\n\t\t\t\t\t<\/div>\n\t\t\t\t<\/div>\n\t\t\t\t<\/div>\n\t\t","protected":false},"excerpt":{"rendered":"<p>Weltleitmesse f\u00fcr Umwelttechnologien in M\u00fcnchen mit zukunftsweisenden L\u00f6sungen f\u00fcr Wasser, Recycling und Zirkularit\u00e4t.<\/p>\n","protected":false},"featured_media":0,"template":"","termin_category":[44,158,159,160,161,40,41,42,43],"class_list":["post-164119","gtc_termine","type-gtc_termine","status-publish","hentry","termin_category-more-green-tech","termin_category-geschaeftsfuehrerinnen","termin_category-gruenderinnen","termin_category-fe-leiterinnen","termin_category-marketerinnen","termin_category-green-building","termin_category-green-efficiency","termin_category-green-energy","termin_category-green-resources"],"acf":[],"yoast_head":"<!-- This site is optimized with the Yoast SEO plugin v27.3 - https:\/\/yoast.com\/product\/yoast-seo-wordpress\/ -->\n<title>IFAT Munich 2026<\/title>\n<meta name=\"description\" content=\"Weltleitmesse f\u00fcr Umwelttechnologien in M\u00fcnchen mit zukunftsweisenden L\u00f6sungen f\u00fcr Wasser, Recycling und Zirkularit\u00e4t.\" \/>\n<meta name=\"robots\" content=\"index, follow, max-snippet:-1, max-image-preview:large, max-video-preview:-1\" \/>\n<link rel=\"canonical\" href=\"https:\/\/www.greentech.at\/termine\/ifat-munich-2026\/\" \/>\n<meta property=\"og:locale\" content=\"en_US\" \/>\n<meta property=\"og:type\" content=\"article\" \/>\n<meta property=\"og:title\" content=\"IFAT Munich 2026\" \/>\n<meta property=\"og:description\" content=\"Weltleitmesse f\u00fcr Umwelttechnologien in M\u00fcnchen mit zukunftsweisenden L\u00f6sungen f\u00fcr Wasser, Recycling und Zirkularit\u00e4t.\" \/>\n<meta property=\"og:url\" content=\"https:\/\/www.greentech.at\/termine\/ifat-munich-2026\/\" \/>\n<meta property=\"og:site_name\" content=\"Green Tech Valley Cluster\" \/>\n<meta property=\"article:modified_time\" content=\"2026-01-13T14:09:12+00:00\" \/>\n<meta name=\"twitter:card\" content=\"summary_large_image\" \/>\n<script type=\"application\/ld+json\" class=\"yoast-schema-graph\">{\"@context\":\"https:\\\/\\\/schema.org\",\"@graph\":[{\"@type\":\"WebPage\",\"@id\":\"https:\\\/\\\/www.greentech.at\\\/termine\\\/ifat-munich-2026\\\/\",\"url\":\"https:\\\/\\\/www.greentech.at\\\/termine\\\/ifat-munich-2026\\\/\",\"name\":\"IFAT Munich 2026\",\"isPartOf\":{\"@id\":\"https:\\\/\\\/www.greentech.at\\\/#website\"},\"datePublished\":\"2025-11-24T09:44:35+00:00\",\"dateModified\":\"2026-01-13T14:09:12+00:00\",\"description\":\"Weltleitmesse f\u00fcr Umwelttechnologien in M\u00fcnchen mit zukunftsweisenden L\u00f6sungen f\u00fcr Wasser, Recycling und Zirkularit\u00e4t.\",\"breadcrumb\":{\"@id\":\"https:\\\/\\\/www.greentech.at\\\/termine\\\/ifat-munich-2026\\\/#breadcrumb\"},\"inLanguage\":\"en-US\",\"potentialAction\":[{\"@type\":\"ReadAction\",\"target\":[\"https:\\\/\\\/www.greentech.at\\\/termine\\\/ifat-munich-2026\\\/\"]}]},{\"@type\":\"BreadcrumbList\",\"@id\":\"https:\\\/\\\/www.greentech.at\\\/termine\\\/ifat-munich-2026\\\/#breadcrumb\",\"itemListElement\":[{\"@type\":\"ListItem\",\"position\":1,\"name\":\"Startseite\",\"item\":\"https:\\\/\\\/www.greentech.at\\\/\"},{\"@type\":\"ListItem\",\"position\":2,\"name\":\"Termine\",\"item\":\"https:\\\/\\\/www.greentech.at\\\/termine\\\/\"},{\"@type\":\"ListItem\",\"position\":3,\"name\":\"IFAT Munich 2026\"}]},{\"@type\":\"WebSite\",\"@id\":\"https:\\\/\\\/www.greentech.at\\\/#website\",\"url\":\"https:\\\/\\\/www.greentech.at\\\/\",\"name\":\"Green Tech Valley Cluster\",\"description\":\"Willkommen im Green Tech Valley, dem globalen Hotspot #1 f\u00fcr Climate und Circular Solutions\",\"publisher\":{\"@id\":\"https:\\\/\\\/www.greentech.at\\\/#organization\"},\"potentialAction\":[{\"@type\":\"SearchAction\",\"target\":{\"@type\":\"EntryPoint\",\"urlTemplate\":\"https:\\\/\\\/www.greentech.at\\\/?s={search_term_string}\"},\"query-input\":{\"@type\":\"PropertyValueSpecification\",\"valueRequired\":true,\"valueName\":\"search_term_string\"}}],\"inLanguage\":\"en-US\"},{\"@type\":\"Organization\",\"@id\":\"https:\\\/\\\/www.greentech.at\\\/#organization\",\"name\":\"Green Tech Valley Cluster\",\"url\":\"https:\\\/\\\/www.greentech.at\\\/\",\"logo\":{\"@type\":\"ImageObject\",\"inLanguage\":\"en-US\",\"@id\":\"https:\\\/\\\/www.greentech.at\\\/#\\\/schema\\\/logo\\\/image\\\/\",\"url\":\"https:\\\/\\\/www.greentech.at\\\/wp-content\\\/uploads\\\/2021\\\/04\\\/cropped-GTV_Log-scaled.png\",\"contentUrl\":\"https:\\\/\\\/www.greentech.at\\\/wp-content\\\/uploads\\\/2021\\\/04\\\/cropped-GTV_Log-scaled.png\",\"width\":2560,\"height\":1734,\"caption\":\"Green Tech Valley Cluster\"},\"image\":{\"@id\":\"https:\\\/\\\/www.greentech.at\\\/#\\\/schema\\\/logo\\\/image\\\/\"},\"sameAs\":[\"https:\\\/\\\/www.linkedin.com\\\/company\\\/greentechcluster\"]}]}<\/script>\n<!-- \/ Yoast SEO plugin. -->","yoast_head_json":{"title":"IFAT Munich 2026","description":"Weltleitmesse f\u00fcr Umwelttechnologien in M\u00fcnchen mit zukunftsweisenden L\u00f6sungen f\u00fcr Wasser, Recycling und Zirkularit\u00e4t.","robots":{"index":"index","follow":"follow","max-snippet":"max-snippet:-1","max-image-preview":"max-image-preview:large","max-video-preview":"max-video-preview:-1"},"canonical":"https:\/\/www.greentech.at\/termine\/ifat-munich-2026\/","og_locale":"en_US","og_type":"article","og_title":"IFAT Munich 2026","og_description":"Weltleitmesse f\u00fcr Umwelttechnologien in M\u00fcnchen mit zukunftsweisenden L\u00f6sungen f\u00fcr Wasser, Recycling und Zirkularit\u00e4t.","og_url":"https:\/\/www.greentech.at\/termine\/ifat-munich-2026\/","og_site_name":"Green Tech Valley Cluster","article_modified_time":"2026-01-13T14:09:12+00:00","twitter_card":"summary_large_image","schema":{"@context":"https:\/\/schema.org","@graph":[{"@type":"WebPage","@id":"https:\/\/www.greentech.at\/termine\/ifat-munich-2026\/","url":"https:\/\/www.greentech.at\/termine\/ifat-munich-2026\/","name":"IFAT Munich 2026","isPartOf":{"@id":"https:\/\/www.greentech.at\/#website"},"datePublished":"2025-11-24T09:44:35+00:00","dateModified":"2026-01-13T14:09:12+00:00","description":"Weltleitmesse f\u00fcr Umwelttechnologien in M\u00fcnchen mit zukunftsweisenden L\u00f6sungen f\u00fcr Wasser, Recycling und Zirkularit\u00e4t.","breadcrumb":{"@id":"https:\/\/www.greentech.at\/termine\/ifat-munich-2026\/#breadcrumb"},"inLanguage":"en-US","potentialAction":[{"@type":"ReadAction","target":["https:\/\/www.greentech.at\/termine\/ifat-munich-2026\/"]}]},{"@type":"BreadcrumbList","@id":"https:\/\/www.greentech.at\/termine\/ifat-munich-2026\/#breadcrumb","itemListElement":[{"@type":"ListItem","position":1,"name":"Startseite","item":"https:\/\/www.greentech.at\/"},{"@type":"ListItem","position":2,"name":"Termine","item":"https:\/\/www.greentech.at\/termine\/"},{"@type":"ListItem","position":3,"name":"IFAT Munich 2026"}]},{"@type":"WebSite","@id":"https:\/\/www.greentech.at\/#website","url":"https:\/\/www.greentech.at\/","name":"Green Tech Valley Cluster","description":"Willkommen im Green Tech Valley, dem globalen Hotspot #1 f\u00fcr Climate und Circular Solutions","publisher":{"@id":"https:\/\/www.greentech.at\/#organization"},"potentialAction":[{"@type":"SearchAction","target":{"@type":"EntryPoint","urlTemplate":"https:\/\/www.greentech.at\/?s={search_term_string}"},"query-input":{"@type":"PropertyValueSpecification","valueRequired":true,"valueName":"search_term_string"}}],"inLanguage":"en-US"},{"@type":"Organization","@id":"https:\/\/www.greentech.at\/#organization","name":"Green Tech Valley Cluster","url":"https:\/\/www.greentech.at\/","logo":{"@type":"ImageObject","inLanguage":"en-US","@id":"https:\/\/www.greentech.at\/#\/schema\/logo\/image\/","url":"https:\/\/www.greentech.at\/wp-content\/uploads\/2021\/04\/cropped-GTV_Log-scaled.png","contentUrl":"https:\/\/www.greentech.at\/wp-content\/uploads\/2021\/04\/cropped-GTV_Log-scaled.png","width":2560,"height":1734,"caption":"Green Tech Valley Cluster"},"image":{"@id":"https:\/\/www.greentech.at\/#\/schema\/logo\/image\/"},"sameAs":["https:\/\/www.linkedin.com\/company\/greentechcluster"]}]}},"_links":{"self":[{"href":"https:\/\/www.greentech.at\/en\/wp-json\/wp\/v2\/gtc_termine\/164119","targetHints":{"allow":["GET"]}}],"collection":[{"href":"https:\/\/www.greentech.at\/en\/wp-json\/wp\/v2\/gtc_termine"}],"about":[{"href":"https:\/\/www.greentech.at\/en\/wp-json\/wp\/v2\/types\/gtc_termine"}],"version-history":[{"count":5,"href":"https:\/\/www.greentech.at\/en\/wp-json\/wp\/v2\/gtc_termine\/164119\/revisions"}],"predecessor-version":[{"id":166577,"href":"https:\/\/www.greentech.at\/en\/wp-json\/wp\/v2\/gtc_termine\/164119\/revisions\/166577"}],"wp:attachment":[{"href":"https:\/\/www.greentech.at\/en\/wp-json\/wp\/v2\/media?parent=164119"}],"wp:term":[{"taxonomy":"termin_category","embeddable":true,"href":"https:\/\/www.greentech.at\/en\/wp-json\/wp\/v2\/termin_category?post=164119"}],"curies":[{"name":"wp","href":"https:\/\/api.w.org\/{rel}","templated":true}]}}