
{"id":163840,"date":"2025-11-07T11:24:08","date_gmt":"2025-11-07T10:24:08","guid":{"rendered":"https:\/\/www.greentech.at\/?post_type=gtc_termine&#038;p=163840"},"modified":"2026-03-25T14:08:45","modified_gmt":"2026-03-25T13:08:45","slug":"innovations-und-forschungspreis-des-landes-kaernten-2026","status":"publish","type":"gtc_termine","link":"https:\/\/www.greentech.at\/en\/termine\/innovations-und-forschungspreis-des-landes-kaernten-2026\/","title":{"rendered":"Innovations- und Forschungspreis des Landes K\u00e4rnten 2026"},"content":{"rendered":"\t\t<div data-elementor-type=\"wp-post\" data-elementor-id=\"163840\" class=\"elementor elementor-163840\" data-elementor-post-type=\"gtc_termine\">\n\t\t\t\t\t\t<section class=\"elementor-section elementor-top-section elementor-element elementor-element-94c0029 elementor-section-boxed elementor-section-height-default elementor-section-height-default\" data-id=\"94c0029\" data-element_type=\"section\" data-e-type=\"section\">\n\t\t\t\t\t\t<div class=\"elementor-container elementor-column-gap-default\">\n\t\t\t\t\t<div class=\"elementor-column elementor-col-100 elementor-top-column elementor-element elementor-element-6704b4c\" data-id=\"6704b4c\" data-element_type=\"column\" data-e-type=\"column\">\n\t\t\t<div class=\"elementor-widget-wrap elementor-element-populated\">\n\t\t\t\t\t\t<div class=\"elementor-element elementor-element-66e20f5 elementor-widget elementor-widget-heading\" data-id=\"66e20f5\" data-element_type=\"widget\" data-e-type=\"widget\" data-widget_type=\"heading.default\">\n\t\t\t\t<div class=\"elementor-widget-container\">\n\t\t\t\t\t<h2 class=\"elementor-heading-title elementor-size-default\">7. Mai 2026<br>ab 13:30 Uhr<br>Droneberger Eventhalle, Klagenfurt<\/h2>\t\t\t\t<\/div>\n\t\t\t\t<\/div>\n\t\t\t\t<div class=\"elementor-element elementor-element-d1f6821 elementor-widget elementor-widget-button\" data-id=\"d1f6821\" data-element_type=\"widget\" data-e-type=\"widget\" data-widget_type=\"button.default\">\n\t\t\t\t<div class=\"elementor-widget-container\">\n\t\t\t\t\t\t\t\t\t<div class=\"elementor-button-wrapper\">\n\t\t\t\t\t<a class=\"elementor-button elementor-button-link elementor-size-sm\" href=\"https:\/\/kwf.at\/innovationsevent\/\">\n\t\t\t\t\t\t<span class=\"elementor-button-content-wrapper\">\n\t\t\t\t\t\t\t\t\t<span class=\"elementor-button-text\">Alle Infos, Programm und Anmeldung<\/span>\n\t\t\t\t\t<\/span>\n\t\t\t\t\t<\/a>\n\t\t\t\t<\/div>\n\t\t\t\t\t\t\t\t<\/div>\n\t\t\t\t<\/div>\n\t\t\t\t\t<\/div>\n\t\t<\/div>\n\t\t\t\t\t<\/div>\n\t\t<\/section>\n\t\t\t\t<section class=\"elementor-section elementor-top-section elementor-element elementor-element-6a94ba73 elementor-section-boxed elementor-section-height-default elementor-section-height-default\" data-id=\"6a94ba73\" data-element_type=\"section\" data-e-type=\"section\">\n\t\t\t\t\t\t<div class=\"elementor-container elementor-column-gap-default\">\n\t\t\t\t\t<div class=\"elementor-column elementor-col-100 elementor-top-column elementor-element elementor-element-75cb912a\" data-id=\"75cb912a\" data-element_type=\"column\" data-e-type=\"column\">\n\t\t\t<div class=\"elementor-widget-wrap elementor-element-populated\">\n\t\t\t\t\t\t<div class=\"elementor-element elementor-element-926b661 elementor-widget__width-initial elementor-widget-tablet__width-inherit elementor-widget-divider--view-line elementor-widget elementor-widget-divider\" data-id=\"926b661\" data-element_type=\"widget\" data-e-type=\"widget\" data-widget_type=\"divider.default\">\n\t\t\t\t<div class=\"elementor-widget-container\">\n\t\t\t\t\t\t\t<div class=\"elementor-divider\">\n\t\t\t<span class=\"elementor-divider-separator\">\n\t\t\t\t\t\t<\/span>\n\t\t<\/div>\n\t\t\t\t\t\t<\/div>\n\t\t\t\t<\/div>\n\t\t\t\t<div class=\"elementor-element elementor-element-8077f18 elementor-widget elementor-widget-spacer\" data-id=\"8077f18\" data-element_type=\"widget\" data-e-type=\"widget\" data-widget_type=\"spacer.default\">\n\t\t\t\t<div class=\"elementor-widget-container\">\n\t\t\t\t\t\t\t<div class=\"elementor-spacer\">\n\t\t\t<div class=\"elementor-spacer-inner\"><\/div>\n\t\t<\/div>\n\t\t\t\t\t\t<\/div>\n\t\t\t\t<\/div>\n\t\t\t\t\t<\/div>\n\t\t<\/div>\n\t\t\t\t\t<\/div>\n\t\t<\/section>\n\t\t<div class=\"elementor-element elementor-element-307bbd5 e-flex e-con-boxed e-con e-parent\" data-id=\"307bbd5\" data-element_type=\"container\" data-e-type=\"container\">\n\t\t\t\t\t<div class=\"e-con-inner\">\n\t\t\t\t<div class=\"elementor-element elementor-element-e15fd27 elementor-widget elementor-widget-text-editor\" data-id=\"e15fd27\" data-element_type=\"widget\" data-e-type=\"widget\" data-widget_type=\"text-editor.default\">\n\t\t\t\t<div class=\"elementor-widget-container\">\n\t\t\t\t\t\t\t\t\t<p><strong>Der Innovations- und Forschungspreis des Landes K\u00e4rnten ist die h\u00f6chste Auszeichnung, die der KWF im Auftrag des Landes K\u00e4rnten im Bereich Innovation &amp; Forschung j\u00e4hrlich vergibt.<\/strong><\/p>\n<p><strong>\u00a0<\/strong><\/p>\n<h2>Was dich erwartet?<\/h2>\n<ul>\n<li>Networking mit K\u00e4rntens Innovationscommunity<\/li>\n<li>Keynote von Tristan Horx: \u00bbNew Generation | Next Innovation\u00ab<\/li>\n<li>Innovationslandschaft mit den innovativsten Unternehmen K\u00e4rntens<\/li>\n<li>Verleihung des Innovations- und Forschungspreis des Landes K\u00e4rnten 2026<\/li>\n<\/ul>\n<div>\u00a0<\/div>\n<h2>Nominierungen 2026 im \u00dcberblick:<\/h2>\n<section class=\"section mcb-section mfn-default-section mcb-section-9w51re26\">\n<div class=\"section_wrapper mfn-wrapper-for-wraps mcb-section-inner mcb-section-inner-9w51re26\">\n<div class=\"wrap mcb-wrap mcb-wrap-stqaliq5p one tablet-one laptop-one mobile-one vb-item clearfix\" data-desktop-col=\"one\" data-laptop-col=\"laptop-one\" data-tablet-col=\"tablet-one\" data-mobile-col=\"mobile-one\">\n<div class=\"mcb-wrap-inner mcb-wrap-inner-stqaliq5p mfn-module-wrapper mfn-wrapper-for-wraps\">\n<div class=\"column mcb-column mcb-item-76hcxts one laptop-one tablet-one mobile-one column_column vb-item\">\n<div class=\"mcb-column-inner mfn-module-wrapper mcb-column-inner-76hcxts mcb-item-column-inner\">\n<div class=\"column_attr mfn-inline-editor clearfix\">\n<h3><strong style=\"font-size: 16px;\">Kleinstunternehmen<\/strong><\/h3>\n<\/div>\n<\/div>\n<\/div>\n<\/div>\n<\/div>\n<\/div>\n<\/section>\n<section class=\"section mcb-section mfn-default-section mcb-section-8v8b0z7\">\n<div class=\"section_wrapper mfn-wrapper-for-wraps mcb-section-inner mcb-section-inner-8v8b0z7\">\n<div class=\"wrap mcb-wrap mcb-wrap-k8vudlkt one-second tablet-one-second laptop-one-second mobile-one vb-item clearfix\" data-desktop-col=\"one-second\" data-laptop-col=\"laptop-one-second\" data-tablet-col=\"tablet-one-second\" data-mobile-col=\"mobile-one\">\n<div class=\"mcb-wrap-inner mcb-wrap-inner-k8vudlkt mfn-module-wrapper mfn-wrapper-for-wraps\">\n<div class=\"column mcb-column mcb-item-18y4n6bs one laptop-one tablet-one mobile-one column_column vb-item\">\n<div class=\"mcb-column-inner mfn-module-wrapper mcb-column-inner-18y4n6bs mcb-item-column-inner\">\n<div class=\"column_attr mfn-inline-editor clearfix\">\n<ul>\n<li>Avemoy FlexCo<\/li>\n<li>MarWin Solutions GmbH<\/li>\n<li>Konatec GmbH<\/li>\n<\/ul>\n<\/div>\n<\/div>\n<\/div>\n<div class=\"column mcb-column mcb-item-zcsq5dh one laptop-one tablet-one mobile-one column_column vb-item\">\n<div class=\"mcb-column-inner mfn-module-wrapper mcb-column-inner-zcsq5dh mcb-item-column-inner\">\n<div class=\"column_attr mfn-inline-editor clearfix\">\n<p><strong>Gro\u00dfunternehmen<\/strong><\/p>\n<ul>\n<li>Anexia Holding GmbH<\/li>\n<li>Infineon Technologies Austria AG<\/li>\n<li>Treibacher Industrie AG<\/li>\n<\/ul>\n<\/div>\n<\/div>\n<\/div>\n<div class=\"column mcb-column mcb-item-51kaqupq one laptop-one tablet-one mobile-one column_column vb-item\">\n<div class=\"mcb-column-inner mfn-module-wrapper mcb-column-inner-51kaqupq mcb-item-column-inner\">\n<div class=\"column_attr mfn-inline-editor clearfix\">\n<p><strong>Spezialpreis\u00a0<\/strong><\/p>\n<ul>\n<li>Alpacem Zement Austria GmbH<\/li>\n<li>Hirsch Armb\u00e4nder GmbH<\/li>\n<li>Treibacher Industrie AG<\/li>\n<\/ul>\n<\/div>\n<\/div>\n<\/div>\n<\/div>\n<\/div>\n<div class=\"wrap mcb-wrap mcb-wrap-r5xt3k4q one-second tablet-one-second laptop-one-second mobile-one vb-item clearfix\" data-desktop-col=\"one-second\" data-laptop-col=\"laptop-one-second\" data-tablet-col=\"tablet-one-second\" data-mobile-col=\"mobile-one\">\n<div class=\"mcb-wrap-inner mcb-wrap-inner-r5xt3k4q mfn-module-wrapper mfn-wrapper-for-wraps\">\n<div class=\"mcb-wrap-background-overlay\">\u00a0<\/div>\n<div class=\"column mcb-column mcb-item-kp7yv1qf one laptop-one tablet-one mobile-one column_column vb-item\">\n<div class=\"mcb-column-inner mfn-module-wrapper mcb-column-inner-kp7yv1qf mcb-item-column-inner\">\n<div class=\"column_attr mfn-inline-editor clearfix\">\n<p><strong>Klein- und Mittelunternehmen<\/strong><\/p>\n<ul>\n<li>Glaunach GmbH<\/li>\n<li>Interelektrik GmbH<\/li>\n<li>Pdcp GmbH<\/li>\n<\/ul>\n<\/div>\n<\/div>\n<\/div>\n<div class=\"column mcb-column mcb-item-p0tfckyb one laptop-one tablet-one mobile-one column_column vb-item\">\n<div class=\"mcb-column-inner mfn-module-wrapper mcb-column-inner-p0tfckyb mcb-item-column-inner\">\n<div class=\"column_attr mfn-inline-editor clearfix\">\n<p><strong>Forschungseinrichtungen<\/strong><\/p>\n<ul>\n<li>Joanneum Research Forschungsgesellschaft mbH<\/li>\n<li>Kompetenzzentrum Holz GmbH<\/li>\n<li>Lakeside Labs GmbH<\/li>\n<\/ul>\n<\/div>\n<\/div>\n<\/div>\n<\/div>\n<\/div>\n<\/div>\n<\/section>\t\t\t\t\t\t\t\t<\/div>\n\t\t\t\t<\/div>\n\t\t\t\t\t<\/div>\n\t\t\t\t<\/div>\n\t\t\t\t<\/div>\n\t\t","protected":false},"excerpt":{"rendered":"<p>7. Mai 2026ab 13:30 UhrDroneberger Eventhalle, Klagenfurt Alle Infos, Programm und Anmeldung Der Innovations- und Forschungspreis des Landes K\u00e4rnten ist die h\u00f6chste Auszeichnung, die der KWF im Auftrag des Landes K\u00e4rnten im Bereich Innovation &amp; Forschung j\u00e4hrlich vergibt. \u00a0 Was dich erwartet? Networking mit K\u00e4rntens Innovationscommunity Keynote von Tristan Horx: \u00bbNew Generation | Next Innovation\u00ab [&hellip;]<\/p>\n","protected":false},"featured_media":0,"template":"","termin_category":[44,158,159,160,161,40,41,42,43],"class_list":["post-163840","gtc_termine","type-gtc_termine","status-publish","hentry","termin_category-more-green-tech","termin_category-geschaeftsfuehrerinnen","termin_category-gruenderinnen","termin_category-fe-leiterinnen","termin_category-marketerinnen","termin_category-green-building","termin_category-green-efficiency","termin_category-green-energy","termin_category-green-resources"],"acf":[],"yoast_head":"<!-- This site is optimized with the Yoast SEO plugin v27.3 - https:\/\/yoast.com\/product\/yoast-seo-wordpress\/ -->\n<title>Innovations- und Forschungspreis des Landes K\u00e4rnten 2026<\/title>\n<meta name=\"description\" content=\"Der Innovations- &amp; Forschungspreis ist die h\u00f6chste Auszeichnung im Bereich Innovation &amp; Forschung des Landes K\u00e4rnten.\" \/>\n<meta name=\"robots\" content=\"index, follow, max-snippet:-1, max-image-preview:large, max-video-preview:-1\" \/>\n<link rel=\"canonical\" href=\"https:\/\/www.greentech.at\/termine\/innovations-und-forschungspreis-des-landes-kaernten-2026\/\" \/>\n<meta property=\"og:locale\" content=\"en_US\" \/>\n<meta property=\"og:type\" content=\"article\" \/>\n<meta property=\"og:title\" content=\"Innovations- und Forschungspreis des Landes K\u00e4rnten 2026\" \/>\n<meta property=\"og:description\" content=\"Der Innovations- &amp; Forschungspreis ist die h\u00f6chste Auszeichnung im Bereich Innovation &amp; Forschung des Landes K\u00e4rnten.\" \/>\n<meta property=\"og:url\" content=\"https:\/\/www.greentech.at\/termine\/innovations-und-forschungspreis-des-landes-kaernten-2026\/\" \/>\n<meta property=\"og:site_name\" content=\"Green Tech Valley Cluster\" \/>\n<meta property=\"article:modified_time\" content=\"2026-03-25T13:08:45+00:00\" \/>\n<meta name=\"twitter:card\" content=\"summary_large_image\" \/>\n<meta name=\"twitter:label1\" content=\"Est. reading time\" \/>\n\t<meta name=\"twitter:data1\" content=\"1 minute\" \/>\n<script type=\"application\/ld+json\" class=\"yoast-schema-graph\">{\"@context\":\"https:\\\/\\\/schema.org\",\"@graph\":[{\"@type\":\"WebPage\",\"@id\":\"https:\\\/\\\/www.greentech.at\\\/termine\\\/innovations-und-forschungspreis-des-landes-kaernten-2026\\\/\",\"url\":\"https:\\\/\\\/www.greentech.at\\\/termine\\\/innovations-und-forschungspreis-des-landes-kaernten-2026\\\/\",\"name\":\"Innovations- und Forschungspreis des Landes K\u00e4rnten 2026\",\"isPartOf\":{\"@id\":\"https:\\\/\\\/www.greentech.at\\\/#website\"},\"datePublished\":\"2025-11-07T10:24:08+00:00\",\"dateModified\":\"2026-03-25T13:08:45+00:00\",\"description\":\"Der Innovations- & Forschungspreis ist die h\u00f6chste Auszeichnung im Bereich Innovation & Forschung des Landes K\u00e4rnten.\",\"breadcrumb\":{\"@id\":\"https:\\\/\\\/www.greentech.at\\\/termine\\\/innovations-und-forschungspreis-des-landes-kaernten-2026\\\/#breadcrumb\"},\"inLanguage\":\"en-US\",\"potentialAction\":[{\"@type\":\"ReadAction\",\"target\":[\"https:\\\/\\\/www.greentech.at\\\/termine\\\/innovations-und-forschungspreis-des-landes-kaernten-2026\\\/\"]}]},{\"@type\":\"BreadcrumbList\",\"@id\":\"https:\\\/\\\/www.greentech.at\\\/termine\\\/innovations-und-forschungspreis-des-landes-kaernten-2026\\\/#breadcrumb\",\"itemListElement\":[{\"@type\":\"ListItem\",\"position\":1,\"name\":\"Startseite\",\"item\":\"https:\\\/\\\/www.greentech.at\\\/\"},{\"@type\":\"ListItem\",\"position\":2,\"name\":\"Termine\",\"item\":\"https:\\\/\\\/www.greentech.at\\\/termine\\\/\"},{\"@type\":\"ListItem\",\"position\":3,\"name\":\"Innovations- und Forschungspreis des Landes K\u00e4rnten 2026\"}]},{\"@type\":\"WebSite\",\"@id\":\"https:\\\/\\\/www.greentech.at\\\/#website\",\"url\":\"https:\\\/\\\/www.greentech.at\\\/\",\"name\":\"Green Tech Valley Cluster\",\"description\":\"Willkommen im Green Tech Valley, dem globalen Hotspot #1 f\u00fcr Climate und Circular Solutions\",\"publisher\":{\"@id\":\"https:\\\/\\\/www.greentech.at\\\/#organization\"},\"potentialAction\":[{\"@type\":\"SearchAction\",\"target\":{\"@type\":\"EntryPoint\",\"urlTemplate\":\"https:\\\/\\\/www.greentech.at\\\/?s={search_term_string}\"},\"query-input\":{\"@type\":\"PropertyValueSpecification\",\"valueRequired\":true,\"valueName\":\"search_term_string\"}}],\"inLanguage\":\"en-US\"},{\"@type\":\"Organization\",\"@id\":\"https:\\\/\\\/www.greentech.at\\\/#organization\",\"name\":\"Green Tech Valley Cluster\",\"url\":\"https:\\\/\\\/www.greentech.at\\\/\",\"logo\":{\"@type\":\"ImageObject\",\"inLanguage\":\"en-US\",\"@id\":\"https:\\\/\\\/www.greentech.at\\\/#\\\/schema\\\/logo\\\/image\\\/\",\"url\":\"https:\\\/\\\/www.greentech.at\\\/wp-content\\\/uploads\\\/2021\\\/04\\\/cropped-GTV_Log-scaled.png\",\"contentUrl\":\"https:\\\/\\\/www.greentech.at\\\/wp-content\\\/uploads\\\/2021\\\/04\\\/cropped-GTV_Log-scaled.png\",\"width\":2560,\"height\":1734,\"caption\":\"Green Tech Valley Cluster\"},\"image\":{\"@id\":\"https:\\\/\\\/www.greentech.at\\\/#\\\/schema\\\/logo\\\/image\\\/\"},\"sameAs\":[\"https:\\\/\\\/www.linkedin.com\\\/company\\\/greentechcluster\"]}]}<\/script>\n<!-- \/ Yoast SEO plugin. -->","yoast_head_json":{"title":"Innovations- und Forschungspreis des Landes K\u00e4rnten 2026","description":"Der Innovations- & Forschungspreis ist die h\u00f6chste Auszeichnung im Bereich Innovation & Forschung des Landes K\u00e4rnten.","robots":{"index":"index","follow":"follow","max-snippet":"max-snippet:-1","max-image-preview":"max-image-preview:large","max-video-preview":"max-video-preview:-1"},"canonical":"https:\/\/www.greentech.at\/termine\/innovations-und-forschungspreis-des-landes-kaernten-2026\/","og_locale":"en_US","og_type":"article","og_title":"Innovations- und Forschungspreis des Landes K\u00e4rnten 2026","og_description":"Der Innovations- & Forschungspreis ist die h\u00f6chste Auszeichnung im Bereich Innovation & Forschung des Landes K\u00e4rnten.","og_url":"https:\/\/www.greentech.at\/termine\/innovations-und-forschungspreis-des-landes-kaernten-2026\/","og_site_name":"Green Tech Valley Cluster","article_modified_time":"2026-03-25T13:08:45+00:00","twitter_card":"summary_large_image","twitter_misc":{"Est. reading time":"1 minute"},"schema":{"@context":"https:\/\/schema.org","@graph":[{"@type":"WebPage","@id":"https:\/\/www.greentech.at\/termine\/innovations-und-forschungspreis-des-landes-kaernten-2026\/","url":"https:\/\/www.greentech.at\/termine\/innovations-und-forschungspreis-des-landes-kaernten-2026\/","name":"Innovations- und Forschungspreis des Landes K\u00e4rnten 2026","isPartOf":{"@id":"https:\/\/www.greentech.at\/#website"},"datePublished":"2025-11-07T10:24:08+00:00","dateModified":"2026-03-25T13:08:45+00:00","description":"Der Innovations- & Forschungspreis ist die h\u00f6chste Auszeichnung im Bereich Innovation & Forschung des Landes K\u00e4rnten.","breadcrumb":{"@id":"https:\/\/www.greentech.at\/termine\/innovations-und-forschungspreis-des-landes-kaernten-2026\/#breadcrumb"},"inLanguage":"en-US","potentialAction":[{"@type":"ReadAction","target":["https:\/\/www.greentech.at\/termine\/innovations-und-forschungspreis-des-landes-kaernten-2026\/"]}]},{"@type":"BreadcrumbList","@id":"https:\/\/www.greentech.at\/termine\/innovations-und-forschungspreis-des-landes-kaernten-2026\/#breadcrumb","itemListElement":[{"@type":"ListItem","position":1,"name":"Startseite","item":"https:\/\/www.greentech.at\/"},{"@type":"ListItem","position":2,"name":"Termine","item":"https:\/\/www.greentech.at\/termine\/"},{"@type":"ListItem","position":3,"name":"Innovations- und Forschungspreis des Landes K\u00e4rnten 2026"}]},{"@type":"WebSite","@id":"https:\/\/www.greentech.at\/#website","url":"https:\/\/www.greentech.at\/","name":"Green Tech Valley Cluster","description":"Willkommen im Green Tech Valley, dem globalen Hotspot #1 f\u00fcr Climate und Circular Solutions","publisher":{"@id":"https:\/\/www.greentech.at\/#organization"},"potentialAction":[{"@type":"SearchAction","target":{"@type":"EntryPoint","urlTemplate":"https:\/\/www.greentech.at\/?s={search_term_string}"},"query-input":{"@type":"PropertyValueSpecification","valueRequired":true,"valueName":"search_term_string"}}],"inLanguage":"en-US"},{"@type":"Organization","@id":"https:\/\/www.greentech.at\/#organization","name":"Green Tech Valley Cluster","url":"https:\/\/www.greentech.at\/","logo":{"@type":"ImageObject","inLanguage":"en-US","@id":"https:\/\/www.greentech.at\/#\/schema\/logo\/image\/","url":"https:\/\/www.greentech.at\/wp-content\/uploads\/2021\/04\/cropped-GTV_Log-scaled.png","contentUrl":"https:\/\/www.greentech.at\/wp-content\/uploads\/2021\/04\/cropped-GTV_Log-scaled.png","width":2560,"height":1734,"caption":"Green Tech Valley Cluster"},"image":{"@id":"https:\/\/www.greentech.at\/#\/schema\/logo\/image\/"},"sameAs":["https:\/\/www.linkedin.com\/company\/greentechcluster"]}]}},"_links":{"self":[{"href":"https:\/\/www.greentech.at\/en\/wp-json\/wp\/v2\/gtc_termine\/163840","targetHints":{"allow":["GET"]}}],"collection":[{"href":"https:\/\/www.greentech.at\/en\/wp-json\/wp\/v2\/gtc_termine"}],"about":[{"href":"https:\/\/www.greentech.at\/en\/wp-json\/wp\/v2\/types\/gtc_termine"}],"version-history":[{"count":5,"href":"https:\/\/www.greentech.at\/en\/wp-json\/wp\/v2\/gtc_termine\/163840\/revisions"}],"predecessor-version":[{"id":168443,"href":"https:\/\/www.greentech.at\/en\/wp-json\/wp\/v2\/gtc_termine\/163840\/revisions\/168443"}],"wp:attachment":[{"href":"https:\/\/www.greentech.at\/en\/wp-json\/wp\/v2\/media?parent=163840"}],"wp:term":[{"taxonomy":"termin_category","embeddable":true,"href":"https:\/\/www.greentech.at\/en\/wp-json\/wp\/v2\/termin_category?post=163840"}],"curies":[{"name":"wp","href":"https:\/\/api.w.org\/{rel}","templated":true}]}}